{"id":9209,"date":"2026-02-02T01:38:36","date_gmt":"2026-02-02T04:38:36","guid":{"rendered":"https:\/\/www.foradacaixacoletivo.com.br\/openzine\/?page_id=9209"},"modified":"2026-09-01T11:49:15","modified_gmt":"2026-09-01T14:49:15","slug":"inicio","status":"publish","type":"page","link":"https:\/\/www.foradacaixacoletivo.com.br\/openzine\/","title":{"rendered":"In\u00edcio"},"content":{"rendered":"\n<figure class=\"wp-block-image aligncenter size-full\"><a href=\"https:\/\/app.foradacaixacoletivo.com.br\/2026\/votacao\" target=\"_blank\" rel=\" noreferrer noopener\"><img data-dominant-color=\"b6b19e\" data-has-transparency=\"false\" style=\"--dominant-color: #b6b19e;\" loading=\"lazy\" decoding=\"async\" width=\"1024\" height=\"180\" src=\"https:\/\/www.foradacaixacoletivo.com.br\/openzine\/wp-content\/uploads\/2026\/09\/app_2026_topo_com_logo_1024x180-votacao.webp\" alt=\"\" class=\"wp-image-10398 not-transparent\" srcset=\"https:\/\/www.foradacaixacoletivo.com.br\/openzine\/wp-content\/uploads\/2026\/09\/app_2026_topo_com_logo_1024x180-votacao.webp 1024w, https:\/\/www.foradacaixacoletivo.com.br\/openzine\/wp-content\/uploads\/2026\/09\/app_2026_topo_com_logo_1024x180-votacao-300x53.webp 300w, https:\/\/www.foradacaixacoletivo.com.br\/openzine\/wp-content\/uploads\/2026\/09\/app_2026_topo_com_logo_1024x180-votacao-768x135.webp 768w\" sizes=\"(max-width: 1024px) 100vw, 1024px\" \/><\/a><\/figure>\n\n\n<div class=\"is-style-tiled wp-block-themeisle-blocks-posts-grid\" id=\"wp-block-themeisle-blocks-posts-grid-06eec980\"><div class=\"is-list\"><\/div> <\/div>\n\n\n<h4 class=\"wp-block-heading has-palette-color-3-color has-text-color has-link-color wp-elements-1\">Agenda<\/h4>\n\n\n\n<div data-id=\"65965d3c\" class=\"wp-block-blocksy-query\"><div class=\"ct-query-template is-layout-slider ct-has-link-overlay\"><div class=\"flexy-container\" data-flexy=\"no\" data-autoplay=\"3\"><div class=\"flexy\"><div class=\"flexy-view\" data-flexy-view=\"boxed\"><div class=\"flexy-items\"><div class=\"flexy-item\"><article class=\"wp-block-post is-layout-flow post-10358 post type-post status-publish format-standard has-post-thumbnail hentry category-destaque category-agenda category-eventos category-on-line\"><a href=\"https:\/\/www.foradacaixacoletivo.com.br\/openzine\/a-importancia-da-autocompaixao-para-a-saude-emocional-online\/\" class=\"ct-link-overlay\"><\/a>\n\n<div class=\"wp-block-group is-vertical is-content-justification-stretch is-nowrap is-layout-flex wp-container-core-group-is-layout-da971d65 wp-block-group-is-layout-flex\" style=\"min-height:100%\"><a style=\"margin-bottom:0\" class=\"ct-dynamic-media wp-elements-10\" aria-label=\"A import\u00e2ncia da Autocompaix\u00e3o para a sa\u00fade emocional &#8211; Online\" href=\"https:\/\/www.foradacaixacoletivo.com.br\/openzine\/a-importancia-da-autocompaixao-para-a-saude-emocional-online\/\"><img loading=\"lazy\" decoding=\"async\" width=\"840\" height=\"375\" src=\"https:\/\/www.foradacaixacoletivo.com.br\/openzine\/wp-content\/uploads\/2026\/09\/A-importancia-da-Autocompaixao-para-a-saude-emocional.webp\" class=\"attachment-full size-full not-transparent\" alt=\"\" style=\"--dominant-color: #be8a74;width:100%;height:100%;object-fit: cover;aspect-ratio: 16\/9;\" srcset=\"https:\/\/www.foradacaixacoletivo.com.br\/openzine\/wp-content\/uploads\/2026\/09\/A-importancia-da-Autocompaixao-para-a-saude-emocional.webp 840w, https:\/\/www.foradacaixacoletivo.com.br\/openzine\/wp-content\/uploads\/2026\/09\/A-importancia-da-Autocompaixao-para-a-saude-emocional-300x134.webp 300w, https:\/\/www.foradacaixacoletivo.com.br\/openzine\/wp-content\/uploads\/2026\/09\/A-importancia-da-Autocompaixao-para-a-saude-emocional-768x343.webp 768w\" sizes=\"(max-width: 840px) 100vw, 840px\" data-has-transparency=\"false\" data-dominant-color=\"be8a74\" \/><\/a>\n\n\n<div class=\"wp-block-group has-palette-color-8-background-color has-background wp-container-content-9cfa9a5a is-layout-constrained wp-block-group-is-layout-constrained\" style=\"min-height:100%\"><h2 style=\"font-size:clamp(14px, 0.875rem + ((1vw - 3.2px) * 0.313), 18px)\" class=\"ct-dynamic-data wp-elements-11\"><a href=\"https:\/\/www.foradacaixacoletivo.com.br\/openzine\/a-importancia-da-autocompaixao-para-a-saude-emocional-online\/\">A import\u00e2ncia da Autocompaix\u00e3o para a sa\u00fade emocional &#8211; Online<\/a><\/h2>\n\n<div class=\"wp-block-post-excerpt\"><p class=\"wp-block-post-excerpt__excerpt\">| Data:19\/09\/2026| Hora: 15h Estamos vivendo em uma sociedade que nos empurra cada vez mais&hellip; <\/p><\/div><\/div>\n<\/div>\n\n<\/article><\/div><div class=\"flexy-item\"><article class=\"wp-block-post is-layout-flow post-10354 post type-post status-publish format-standard has-post-thumbnail hentry category-destaque category-agenda category-oficina\"><a href=\"https:\/\/www.foradacaixacoletivo.com.br\/openzine\/oficina-de-nutricao-terapeutica-2\/\" class=\"ct-link-overlay\"><\/a>\n\n<div class=\"wp-block-group is-vertical is-content-justification-stretch is-nowrap is-layout-flex wp-container-core-group-is-layout-da971d65 wp-block-group-is-layout-flex\" style=\"min-height:100%\"><a style=\"margin-bottom:0\" class=\"ct-dynamic-media wp-elements-12\" aria-label=\"Oficina de Nutri\u00e7\u00e3o Terap\u00eautica\" href=\"https:\/\/www.foradacaixacoletivo.com.br\/openzine\/oficina-de-nutricao-terapeutica-2\/\"><img loading=\"lazy\" decoding=\"async\" width=\"840\" height=\"375\" src=\"https:\/\/www.foradacaixacoletivo.com.br\/openzine\/wp-content\/uploads\/2026\/08\/Oficina-de-Nutricao-Terapeutica.webp\" class=\"attachment-full size-full not-transparent\" alt=\"\" style=\"--dominant-color: #758969;width:100%;height:100%;object-fit: cover;aspect-ratio: 16\/9;\" srcset=\"https:\/\/www.foradacaixacoletivo.com.br\/openzine\/wp-content\/uploads\/2026\/08\/Oficina-de-Nutricao-Terapeutica.webp 840w, https:\/\/www.foradacaixacoletivo.com.br\/openzine\/wp-content\/uploads\/2026\/08\/Oficina-de-Nutricao-Terapeutica-300x134.webp 300w, https:\/\/www.foradacaixacoletivo.com.br\/openzine\/wp-content\/uploads\/2026\/08\/Oficina-de-Nutricao-Terapeutica-768x343.webp 768w\" sizes=\"(max-width: 840px) 100vw, 840px\" data-has-transparency=\"false\" data-dominant-color=\"758969\" \/><\/a>\n\n\n<div class=\"wp-block-group has-palette-color-8-background-color has-background wp-container-content-9cfa9a5a is-layout-constrained wp-block-group-is-layout-constrained\" style=\"min-height:100%\"><h2 style=\"font-size:clamp(14px, 0.875rem + ((1vw - 3.2px) * 0.313), 18px)\" class=\"ct-dynamic-data wp-elements-13\"><a href=\"https:\/\/www.foradacaixacoletivo.com.br\/openzine\/oficina-de-nutricao-terapeutica-2\/\">Oficina de Nutri\u00e7\u00e3o Terap\u00eautica<\/a><\/h2>\n\n<div class=\"wp-block-post-excerpt\"><p class=\"wp-block-post-excerpt__excerpt\">Dia \u2013 05\/09 \u2013 S\u00e1bado das 9:00 \u00e0s 12:00 Venha conhecer ervas, especiarias, gr\u00e3os e&hellip; <\/p><\/div><\/div>\n<\/div>\n\n<\/article><\/div><div class=\"flexy-item\"><article class=\"wp-block-post is-layout-flow post-10341 post type-post status-publish format-standard has-post-thumbnail hentry category-destaque category-agenda category-eventos category-webinar\"><a href=\"https:\/\/www.foradacaixacoletivo.com.br\/openzine\/decolonizing-educationthe-global-south-perspective-in-the-age-of-ai\/\" class=\"ct-link-overlay\"><\/a>\n\n<div class=\"wp-block-group is-vertical is-content-justification-stretch is-nowrap is-layout-flex wp-container-core-group-is-layout-da971d65 wp-block-group-is-layout-flex\" style=\"min-height:100%\"><a style=\"margin-bottom:0\" class=\"ct-dynamic-media wp-elements-14\" aria-label=\"Decolonizing Education:The Global South Perspective in the Age of AI\" href=\"https:\/\/www.foradacaixacoletivo.com.br\/openzine\/decolonizing-educationthe-global-south-perspective-in-the-age-of-ai\/\"><img loading=\"lazy\" decoding=\"async\" width=\"840\" height=\"375\" src=\"https:\/\/www.foradacaixacoletivo.com.br\/openzine\/wp-content\/uploads\/2026\/08\/Decolonizing-Education-The-Global-South-Perspective-in-the-Age-of-AI-1.webp\" class=\"attachment-full size-full not-transparent\" alt=\"\" style=\"--dominant-color: #dee3de;width:100%;height:100%;object-fit: cover;aspect-ratio: 16\/9;\" srcset=\"https:\/\/www.foradacaixacoletivo.com.br\/openzine\/wp-content\/uploads\/2026\/08\/Decolonizing-Education-The-Global-South-Perspective-in-the-Age-of-AI-1.webp 840w, https:\/\/www.foradacaixacoletivo.com.br\/openzine\/wp-content\/uploads\/2026\/08\/Decolonizing-Education-The-Global-South-Perspective-in-the-Age-of-AI-1-300x134.webp 300w, https:\/\/www.foradacaixacoletivo.com.br\/openzine\/wp-content\/uploads\/2026\/08\/Decolonizing-Education-The-Global-South-Perspective-in-the-Age-of-AI-1-768x343.webp 768w\" sizes=\"(max-width: 840px) 100vw, 840px\" data-has-transparency=\"false\" data-dominant-color=\"dee3de\" \/><\/a>\n\n\n<div class=\"wp-block-group has-palette-color-8-background-color has-background wp-container-content-9cfa9a5a is-layout-constrained wp-block-group-is-layout-constrained\" style=\"min-height:100%\"><h2 style=\"font-size:clamp(14px, 0.875rem + ((1vw - 3.2px) * 0.313), 18px)\" class=\"ct-dynamic-data wp-elements-15\"><a href=\"https:\/\/www.foradacaixacoletivo.com.br\/openzine\/decolonizing-educationthe-global-south-perspective-in-the-age-of-ai\/\">Decolonizing Education:The Global South Perspective in the Age of AI<\/a><\/h2>\n\n<div class=\"wp-block-post-excerpt\"><p class=\"wp-block-post-excerpt__excerpt\">Date: 8 September 2026 | Time: \ud83c\udde7\ud83c\uddf7 Brasil: 12:00 \u00e0s 13:00 | \ud83c\uddea\ud83c\udde8 Ecuador: 10:00\u201311:00&hellip; <\/p><\/div><\/div>\n<\/div>\n\n<\/article><\/div><div class=\"flexy-item\"><article class=\"wp-block-post is-layout-flow post-8737 post type-post status-publish format-standard has-post-thumbnail hentry category-agenda category-cursos category-medicina-tibetana category-on-line\"><a href=\"https:\/\/www.foradacaixacoletivo.com.br\/openzine\/introducao-a-medicina-tibetana-curso-online-ou-presencial\/\" class=\"ct-link-overlay\"><\/a>\n\n<div class=\"wp-block-group is-vertical is-content-justification-stretch is-nowrap is-layout-flex wp-container-core-group-is-layout-da971d65 wp-block-group-is-layout-flex\" style=\"min-height:100%\"><a style=\"margin-bottom:0\" class=\"ct-dynamic-media wp-elements-16\" aria-label=\"Introdu\u00e7\u00e3o \u00e0 Medicina Tibetana \u2013 Curso On-line ou Presencial\" href=\"https:\/\/www.foradacaixacoletivo.com.br\/openzine\/introducao-a-medicina-tibetana-curso-online-ou-presencial\/\"><img loading=\"lazy\" decoding=\"async\" width=\"840\" height=\"375\" src=\"https:\/\/www.foradacaixacoletivo.com.br\/openzine\/wp-content\/uploads\/2026\/02\/Introducao-a-Medicina-Tibetana-\u2013-Curso-Online-ou-Presencial.webp\" class=\"attachment-full size-full not-transparent\" alt=\"\" style=\"--dominant-color: #89645d;width:100%;height:100%;object-fit: cover;aspect-ratio: 16\/9;\" srcset=\"https:\/\/www.foradacaixacoletivo.com.br\/openzine\/wp-content\/uploads\/2026\/02\/Introducao-a-Medicina-Tibetana-\u2013-Curso-Online-ou-Presencial.webp 840w, https:\/\/www.foradacaixacoletivo.com.br\/openzine\/wp-content\/uploads\/2026\/02\/Introducao-a-Medicina-Tibetana-\u2013-Curso-Online-ou-Presencial-300x134.webp 300w, https:\/\/www.foradacaixacoletivo.com.br\/openzine\/wp-content\/uploads\/2026\/02\/Introducao-a-Medicina-Tibetana-\u2013-Curso-Online-ou-Presencial-768x343.webp 768w\" sizes=\"(max-width: 840px) 100vw, 840px\" data-has-transparency=\"false\" data-dominant-color=\"89645d\" \/><\/a>\n\n\n<div class=\"wp-block-group has-palette-color-8-background-color has-background wp-container-content-9cfa9a5a is-layout-constrained wp-block-group-is-layout-constrained\" style=\"min-height:100%\"><h2 style=\"font-size:clamp(14px, 0.875rem + ((1vw - 3.2px) * 0.313), 18px)\" class=\"ct-dynamic-data wp-elements-17\"><a href=\"https:\/\/www.foradacaixacoletivo.com.br\/openzine\/introducao-a-medicina-tibetana-curso-online-ou-presencial\/\">Introdu\u00e7\u00e3o \u00e0 Medicina Tibetana \u2013 Curso On-line ou Presencial<\/a><\/h2>\n\n<div class=\"wp-block-post-excerpt\"><p class=\"wp-block-post-excerpt__excerpt\">O\u00a0Curso de Introdu\u00e7\u00e3o \u00e0 Medicina Tibetana\u00a0est\u00e1 com inscri\u00e7\u00f5es abertas, h\u00e1 possibilidade fazer o curso online&hellip; <\/p><\/div><\/div>\n<\/div>\n\n<\/article><\/div><div class=\"flexy-item\"><article class=\"wp-block-post is-layout-flow post-9794 post type-post status-publish format-standard has-post-thumbnail hentry category-destaque category-agenda category-medicina-tibetana category-peace-education tag-cultura-de-paz\"><a href=\"https:\/\/www.foradacaixacoletivo.com.br\/openzine\/projeto-padma\/\" class=\"ct-link-overlay\"><\/a>\n\n<div class=\"wp-block-group is-vertical is-content-justification-stretch is-nowrap is-layout-flex wp-container-core-group-is-layout-da971d65 wp-block-group-is-layout-flex\" style=\"min-height:100%\"><a style=\"margin-bottom:0\" class=\"ct-dynamic-media wp-elements-18\" aria-label=\"Projeto Padma &#8211; Cuidando de quem cuida\" href=\"https:\/\/www.foradacaixacoletivo.com.br\/openzine\/projeto-padma\/\"><img loading=\"lazy\" decoding=\"async\" width=\"840\" height=\"375\" src=\"https:\/\/www.foradacaixacoletivo.com.br\/openzine\/wp-content\/uploads\/2026\/03\/projeto-padma.webp\" class=\"attachment-full size-full not-transparent\" alt=\"\" style=\"--dominant-color: #d7d0cb;width:100%;height:100%;object-fit: cover;aspect-ratio: 16\/9;\" srcset=\"https:\/\/www.foradacaixacoletivo.com.br\/openzine\/wp-content\/uploads\/2026\/03\/projeto-padma.webp 840w, https:\/\/www.foradacaixacoletivo.com.br\/openzine\/wp-content\/uploads\/2026\/03\/projeto-padma-300x134.webp 300w, https:\/\/www.foradacaixacoletivo.com.br\/openzine\/wp-content\/uploads\/2026\/03\/projeto-padma-768x343.webp 768w\" sizes=\"(max-width: 840px) 100vw, 840px\" data-has-transparency=\"false\" data-dominant-color=\"d7d0cb\" \/><\/a>\n\n\n<div class=\"wp-block-group has-palette-color-8-background-color has-background wp-container-content-9cfa9a5a is-layout-constrained wp-block-group-is-layout-constrained\" style=\"min-height:100%\"><h2 style=\"font-size:clamp(14px, 0.875rem + ((1vw - 3.2px) * 0.313), 18px)\" class=\"ct-dynamic-data wp-elements-19\"><a href=\"https:\/\/www.foradacaixacoletivo.com.br\/openzine\/projeto-padma\/\">Projeto Padma &#8211; Cuidando de quem cuida<\/a><\/h2>\n\n<div class=\"wp-block-post-excerpt\"><p class=\"wp-block-post-excerpt__excerpt\">22\/08 &#8211; S\u00e1bado \u00e0s 15:00 O encontro ser\u00e1 aberto e oferecer\u00e1 informa\u00e7\u00f5es sobre como prevenir&hellip; <\/p><\/div><\/div>\n<\/div>\n\n<\/article><\/div><div class=\"flexy-item\"><article class=\"wp-block-post is-layout-flow post-6169 post type-post status-publish format-standard has-post-thumbnail hentry category-agenda category-cursos category-meditacao category-on-line\"><a href=\"https:\/\/www.foradacaixacoletivo.com.br\/openzine\/introducao-a-meditacao-encontros-semanais\/\" class=\"ct-link-overlay\"><\/a>\n\n<div class=\"wp-block-group is-vertical is-content-justification-stretch is-nowrap is-layout-flex wp-container-core-group-is-layout-da971d65 wp-block-group-is-layout-flex\" style=\"min-height:100%\"><a style=\"margin-bottom:0\" class=\"ct-dynamic-media wp-elements-20\" aria-label=\"Medita\u00e7\u00e3o &#8211; Curso de Introdu\u00e7\u00e3o &#8211; Presencial ou On-line\" href=\"https:\/\/www.foradacaixacoletivo.com.br\/openzine\/introducao-a-meditacao-encontros-semanais\/\"><img loading=\"lazy\" decoding=\"async\" width=\"515\" height=\"219\" src=\"https:\/\/www.foradacaixacoletivo.com.br\/openzine\/wp-content\/uploads\/2023\/07\/capa-introducao-a-meditacao-agosto-2023.png\" class=\"attachment-full size-full\" alt=\"\" style=\"width:100%;height:100%;object-fit: cover;aspect-ratio: 16\/9;\" srcset=\"https:\/\/www.foradacaixacoletivo.com.br\/openzine\/wp-content\/uploads\/2023\/07\/capa-introducao-a-meditacao-agosto-2023.png 515w, https:\/\/www.foradacaixacoletivo.com.br\/openzine\/wp-content\/uploads\/2023\/07\/capa-introducao-a-meditacao-agosto-2023-300x128.png 300w\" sizes=\"(max-width: 515px) 100vw, 515px\" \/><\/a>\n\n\n<div class=\"wp-block-group has-palette-color-8-background-color has-background wp-container-content-9cfa9a5a is-layout-constrained wp-block-group-is-layout-constrained\" style=\"min-height:100%\"><h2 style=\"font-size:clamp(14px, 0.875rem + ((1vw - 3.2px) * 0.313), 18px)\" class=\"ct-dynamic-data wp-elements-21\"><a href=\"https:\/\/www.foradacaixacoletivo.com.br\/openzine\/introducao-a-meditacao-encontros-semanais\/\">Medita\u00e7\u00e3o &#8211; Curso de Introdu\u00e7\u00e3o &#8211; Presencial ou On-line<\/a><\/h2>\n\n<div class=\"wp-block-post-excerpt\"><p class=\"wp-block-post-excerpt__excerpt\">Introdu\u00e7\u00e3o \u00e0s pr\u00e1ticas de contempla\u00e7\u00e3o e medita\u00e7\u00e3o budista. Abordaremos diferentes t\u00e9cnicas de medita\u00e7\u00e3o que podem&hellip; <\/p><\/div><\/div>\n<\/div>\n\n<\/article><\/div><div class=\"flexy-item\"><article class=\"wp-block-post is-layout-flow post-8842 post type-post status-publish format-standard has-post-thumbnail hentry category-destaque category-agenda category-educacao-para-paz category-peace-education\"><a href=\"https:\/\/www.foradacaixacoletivo.com.br\/openzine\/educacao-para-paz-guardioes-do-futuro\/\" class=\"ct-link-overlay\"><\/a>\n\n<div class=\"wp-block-group is-vertical is-content-justification-stretch is-nowrap is-layout-flex wp-container-core-group-is-layout-da971d65 wp-block-group-is-layout-flex\" style=\"min-height:100%\"><a style=\"margin-bottom:0\" class=\"ct-dynamic-media wp-elements-22\" aria-label=\"Educa\u00e7\u00e3o para Paz &#8211; Guardi\u00f5es do Futuro\" href=\"https:\/\/www.foradacaixacoletivo.com.br\/openzine\/educacao-para-paz-guardioes-do-futuro\/\"><img loading=\"lazy\" decoding=\"async\" width=\"840\" height=\"375\" src=\"https:\/\/www.foradacaixacoletivo.com.br\/openzine\/wp-content\/uploads\/2026\/01\/Educacao-para-Paz-Guardioes-do-Futuro.webp\" class=\"attachment-full size-full not-transparent\" alt=\"\" style=\"--dominant-color: #284656;width:100%;height:100%;object-fit: cover;aspect-ratio: 16\/9;\" srcset=\"https:\/\/www.foradacaixacoletivo.com.br\/openzine\/wp-content\/uploads\/2026\/01\/Educacao-para-Paz-Guardioes-do-Futuro.webp 840w, https:\/\/www.foradacaixacoletivo.com.br\/openzine\/wp-content\/uploads\/2026\/01\/Educacao-para-Paz-Guardioes-do-Futuro-300x134.webp 300w, https:\/\/www.foradacaixacoletivo.com.br\/openzine\/wp-content\/uploads\/2026\/01\/Educacao-para-Paz-Guardioes-do-Futuro-768x343.webp 768w\" sizes=\"(max-width: 840px) 100vw, 840px\" data-has-transparency=\"false\" data-dominant-color=\"284656\" \/><\/a>\n\n\n<div class=\"wp-block-group has-palette-color-8-background-color has-background wp-container-content-9cfa9a5a is-layout-constrained wp-block-group-is-layout-constrained\" style=\"min-height:100%\"><h2 style=\"font-size:clamp(14px, 0.875rem + ((1vw - 3.2px) * 0.313), 18px)\" class=\"ct-dynamic-data wp-elements-23\"><a href=\"https:\/\/www.foradacaixacoletivo.com.br\/openzine\/educacao-para-paz-guardioes-do-futuro\/\">Educa\u00e7\u00e3o para Paz &#8211; Guardi\u00f5es do Futuro<\/a><\/h2>\n\n<div class=\"wp-block-post-excerpt\"><p class=\"wp-block-post-excerpt__excerpt\">Estamos convidando jovens entre 15 e 25 anos para participar do programa de Educa\u00e7\u00e3o para&hellip; <\/p><\/div><\/div>\n<\/div>\n\n<\/article><\/div><div class=\"flexy-item\"><article class=\"wp-block-post is-layout-flow post-6599 post type-post status-publish format-standard has-post-thumbnail hentry category-agenda category-cursos category-oficina category-yoga\"><a href=\"https:\/\/www.foradacaixacoletivo.com.br\/openzine\/nejang-yoga-tibetana-curso\/\" class=\"ct-link-overlay\"><\/a>\n\n<div class=\"wp-block-group is-vertical is-content-justification-stretch is-nowrap is-layout-flex wp-container-core-group-is-layout-da971d65 wp-block-group-is-layout-flex\" style=\"min-height:100%\"><a style=\"margin-bottom:0\" class=\"ct-dynamic-media wp-elements-24\" aria-label=\"Nejang &#8211; Yoga Tibetana &#8211; Curso\" href=\"https:\/\/www.foradacaixacoletivo.com.br\/openzine\/nejang-yoga-tibetana-curso\/\"><img loading=\"lazy\" decoding=\"async\" width=\"840\" height=\"357\" src=\"https:\/\/www.foradacaixacoletivo.com.br\/openzine\/wp-content\/uploads\/2024\/10\/curso-de-nejang-yoga-tibetana-2-png.avif\" class=\"attachment-full size-full not-transparent\" alt=\"\" style=\"--dominant-color: #ae777f;width:100%;height:100%;object-fit: cover;aspect-ratio: 16\/9;\" srcset=\"https:\/\/www.foradacaixacoletivo.com.br\/openzine\/wp-content\/uploads\/2024\/10\/curso-de-nejang-yoga-tibetana-2-png.avif 840w, https:\/\/www.foradacaixacoletivo.com.br\/openzine\/wp-content\/uploads\/2024\/10\/curso-de-nejang-yoga-tibetana-2-300x128.avif 300w, https:\/\/www.foradacaixacoletivo.com.br\/openzine\/wp-content\/uploads\/2024\/10\/curso-de-nejang-yoga-tibetana-2-768x326.avif 768w\" sizes=\"(max-width: 840px) 100vw, 840px\" data-has-transparency=\"false\" data-dominant-color=\"ae777f\" \/><\/a>\n\n\n<div class=\"wp-block-group has-palette-color-8-background-color has-background wp-container-content-9cfa9a5a is-layout-constrained wp-block-group-is-layout-constrained\" style=\"min-height:100%\"><h2 style=\"font-size:clamp(14px, 0.875rem + ((1vw - 3.2px) * 0.313), 18px)\" class=\"ct-dynamic-data wp-elements-25\"><a href=\"https:\/\/www.foradacaixacoletivo.com.br\/openzine\/nejang-yoga-tibetana-curso\/\">Nejang &#8211; Yoga Tibetana &#8211; Curso<\/a><\/h2>\n\n<div class=\"wp-block-post-excerpt\"><p class=\"wp-block-post-excerpt__excerpt\">Consulte datas e hor\u00e1rio para \u00ednicio imediato Nejang &#8211; Yoga Tibetana Conhe\u00e7a esta pr\u00e1tica, prescrita&hellip; <\/p><\/div><\/div>\n<\/div>\n\n<\/article><\/div><\/div><\/div><span class=\"flexy-arrow-prev\" data-position=\"outside\"><svg width=\"16\" height=\"10\" fill=\"currentColor\" viewBox=\"0 0 16 10\"><path d=\"M15.3 4.3h-13l2.8-3c.3-.3.3-.7 0-1-.3-.3-.6-.3-.9 0l-4 4.2-.2.2v.6c0 .1.1.2.2.2l4 4.2c.3.4.6.4.9 0 .3-.3.3-.7 0-1l-2.8-3h13c.2 0 .4-.1.5-.2s.2-.3.2-.5-.1-.4-.2-.5c-.1-.1-.3-.2-.5-.2z\"><\/path><\/svg><\/span>\n\t\t\t\t\t\t\t\t<span class=\"flexy-arrow-next\" data-position=\"outside\"><svg width=\"16\" height=\"10\" fill=\"currentColor\" viewBox=\"0 0 16 10\"><path d=\"M.2 4.5c-.1.1-.2.3-.2.5s.1.4.2.5c.1.1.3.2.5.2h13l-2.8 3c-.3.3-.3.7 0 1 .3.3.6.3.9 0l4-4.2.2-.2V5v-.3c0-.1-.1-.2-.2-.2l-4-4.2c-.3-.4-.6-.4-.9 0-.3.3-.3.7 0 1l2.8 3H.7c-.2 0-.4.1-.5.2z\"><\/path><\/svg><\/span><\/div><\/div><\/div><style>[data-id='65965d3c'] {--grid-columns-width:33.33%;} [data-id='65965d3c'] [data-flexy*=\"no\"] .flexy-item:nth-child(n + 4) {height:1px;}@media (max-width: 999.98px) {[data-id='65965d3c'] {--grid-columns-width:50%;} [data-id='65965d3c'] [data-flexy*=\"no\"] .flexy-item:nth-child(n + 3) {height:1px;}}@media (max-width: 689.98px) {[data-id='65965d3c'] {--grid-columns-width:100%;} [data-id='65965d3c'] [data-flexy*=\"no\"] .flexy-item:nth-child(n + 2) {height:1px;}}<\/style><\/div>\n\n\n\n<div class=\"wp-block-buttons is-layout-flex wp-block-buttons-is-layout-flex\">\n<div class=\"wp-block-button\"><a class=\"wp-block-button__link wp-element-button\" href=\"https:\/\/www.foradacaixacoletivo.com.br\/openzine\/categoria\/agenda\/\"><strong>AGENDA COMPLETA<\/strong><\/a><\/div>\n<\/div>\n\n\n\n<div style=\"height:50px\" aria-hidden=\"true\" class=\"wp-block-spacer\"><\/div>\n\n\n\n<div class=\"wp-block-columns is-layout-flex wp-container-core-columns-is-layout-995f960e wp-block-columns-is-layout-flex\">\n<div class=\"wp-block-column is-layout-flow wp-block-column-is-layout-flow\" style=\"flex-basis:66.66%\">\n<div class=\"wp-block-group animated backInUp has-palette-color-8-background-color has-background is-content-justification-space-between is-nowrap is-layout-flex wp-container-core-group-is-layout-12c9feab wp-block-group-is-layout-flex\" style=\"min-height:220px;margin-top:0;margin-bottom:0;padding-top:var(--wp--preset--spacing--50);padding-right:var(--wp--preset--spacing--30);padding-bottom:var(--wp--preset--spacing--50);padding-left:var(--wp--preset--spacing--30)\">\n<figure class=\"wp-block-image size-full\" style=\"margin-right:var(--wp--preset--spacing--20);margin-left:var(--wp--preset--spacing--20)\"><a href=\"https:\/\/app.foradacaixacoletivo.com.br\/2025\/obras\" target=\"_blank\"><img data-dominant-color=\"e0d4d5\" data-has-transparency=\"false\" style=\"--dominant-color: #e0d4d5;\" loading=\"lazy\" decoding=\"async\" width=\"180\" height=\"180\" src=\"https:\/\/www.foradacaixacoletivo.com.br\/openzine\/wp-content\/uploads\/2026\/02\/logo-topo-arte-pela-paz.webp\" alt=\"\" class=\"wp-image-9499 not-transparent\" srcset=\"https:\/\/www.foradacaixacoletivo.com.br\/openzine\/wp-content\/uploads\/2026\/02\/logo-topo-arte-pela-paz.webp 180w, https:\/\/www.foradacaixacoletivo.com.br\/openzine\/wp-content\/uploads\/2026\/02\/logo-topo-arte-pela-paz-150x150.webp 150w\" sizes=\"(max-width: 180px) 100vw, 180px\" \/><\/a><\/figure>\n\n\n\n<figure class=\"wp-block-image aligncenter size-full is-style-default\"><a href=\"https:\/\/www.foradacaixacoletivo.com.br\/medicinatibetana\/\" target=\"_blank\"><img data-dominant-color=\"a88689\" data-has-transparency=\"true\" loading=\"lazy\" decoding=\"async\" width=\"180\" height=\"180\" src=\"https:\/\/www.foradacaixacoletivo.com.br\/openzine\/wp-content\/uploads\/2026\/02\/topo-kushin-mind-180x180-1.webp\" alt=\"Kunshi Mind Centro de Medicina Tibetana\" class=\"wp-image-9290 has-transparency\" style=\"--dominant-color: #a88689; object-fit:cover\" srcset=\"https:\/\/www.foradacaixacoletivo.com.br\/openzine\/wp-content\/uploads\/2026\/02\/topo-kushin-mind-180x180-1.webp 180w, https:\/\/www.foradacaixacoletivo.com.br\/openzine\/wp-content\/uploads\/2026\/02\/topo-kushin-mind-180x180-1-150x150.webp 150w\" sizes=\"(max-width: 180px) 100vw, 180px\" \/><\/a><\/figure>\n\n\n\n<figure class=\"wp-block-image size-thumbnail\" style=\"margin-right:var(--wp--preset--spacing--20);margin-left:var(--wp--preset--spacing--20)\"><a href=\"https:\/\/www.instagram.com\/gayadreams\/\" target=\"_blank\"><img data-dominant-color=\"bfc7d2\" data-has-transparency=\"false\" style=\"--dominant-color: #bfc7d2;\" loading=\"lazy\" decoding=\"async\" width=\"150\" height=\"150\" src=\"https:\/\/www.foradacaixacoletivo.com.br\/openzine\/wp-content\/uploads\/2026\/02\/gayadreams-1-150x150.webp\" alt=\"\" class=\"wp-image-9548 not-transparent\" srcset=\"https:\/\/www.foradacaixacoletivo.com.br\/openzine\/wp-content\/uploads\/2026\/02\/gayadreams-1-150x150.webp 150w, https:\/\/www.foradacaixacoletivo.com.br\/openzine\/wp-content\/uploads\/2026\/02\/gayadreams-1.webp 300w\" sizes=\"(max-width: 150px) 100vw, 150px\" \/><\/a><figcaption class=\"wp-element-caption\">Conhe\u00e7a nossa loja<\/figcaption><\/figure>\n<\/div>\n<\/div>\n\n\n\n<div class=\"wp-block-column animated backInUp has-plum-bath-gradient-background has-background is-layout-flow wp-block-column-is-layout-flow\" style=\"padding-top:var(--wp--preset--spacing--50);padding-right:var(--wp--preset--spacing--30);padding-bottom:var(--wp--preset--spacing--50);padding-left:var(--wp--preset--spacing--30);flex-basis:33.33%\">\n<figure class=\"wp-block-image alignleft size-full is-resized\"><a href=\"https:\/\/www.foradacaixacoletivo.com.br\/openzine\/programas-de-cultura-de-paz\/\"><img data-dominant-color=\"8a8a8a\" data-has-transparency=\"true\" loading=\"lazy\" decoding=\"async\" width=\"280\" height=\"280\" src=\"https:\/\/www.foradacaixacoletivo.com.br\/openzine\/wp-content\/uploads\/2024\/12\/fdc-cnpj-qrcode-pix.png\" alt=\"\" class=\"wp-image-7783 has-transparency\" style=\"--dominant-color: #8a8a8a; object-fit:cover;width:120px;height:auto\" srcset=\"https:\/\/www.foradacaixacoletivo.com.br\/openzine\/wp-content\/uploads\/2024\/12\/fdc-cnpj-qrcode-pix.png 280w, https:\/\/www.foradacaixacoletivo.com.br\/openzine\/wp-content\/uploads\/2024\/12\/fdc-cnpj-qrcode-pix-150x150.png 150w\" sizes=\"(max-width: 280px) 100vw, 280px\" \/><\/a><\/figure>\n\n\n\n<div class=\"wp-block-group is-nowrap is-layout-flex wp-container-core-group-is-layout-995f960e wp-block-group-is-layout-flex\">\n<p class=\"has-text-align-left has-palette-color-8-color has-text-color has-link-color wp-elements-26 wp-block-paragraph\">Voc\u00ea pode ajudar os <strong>Programas de Cultura de Paz<\/strong> com uma doa\u00e7\u00e3o de qualquer valor para o PIX: <strong>42468422000136<\/strong><\/p>\n<\/div>\n\n\n\n<div class=\"wp-block-buttons is-content-justification-right is-layout-flex wp-container-core-buttons-is-layout-026eaadd wp-block-buttons-is-layout-flex\">\n<div class=\"wp-block-button\"><a class=\"wp-block-button__link wp-element-button\" href=\"https:\/\/www.foradacaixacoletivo.com.br\/openzine\/programas-de-cultura-de-paz\/\"><strong>Conhe\u00e7a os Programas<\/strong><\/a><\/div>\n<\/div>\n<\/div>\n<\/div>\n\n\n\n<div style=\"height:50px\" aria-hidden=\"true\" class=\"wp-block-spacer\"><\/div>\n\n\n\n<h4 class=\"wp-block-heading has-palette-color-3-color has-text-color has-link-color wp-elements-27\">Destaques<\/h4>\n\n\n\n<div data-id=\"aff8713b\" class=\"wp-block-blocksy-query\"><div class=\"ct-query-template is-layout-slider ct-has-link-overlay\"><div class=\"flexy-container\" data-flexy=\"no\" data-autoplay=\"3\"><div class=\"flexy\"><div class=\"flexy-view\" data-flexy-view=\"boxed\"><div class=\"flexy-items\"><div class=\"flexy-item\"><article class=\"wp-block-post is-layout-flow post-10363 post type-post status-publish format-standard has-post-thumbnail hentry category-destaque category-editorial\"><a href=\"https:\/\/www.foradacaixacoletivo.com.br\/openzine\/editorial-setembro-2026\/\" class=\"ct-link-overlay\"><\/a>\n\n<div class=\"wp-block-group is-vertical is-content-justification-stretch is-nowrap is-layout-flex wp-container-core-group-is-layout-da971d65 wp-block-group-is-layout-flex\" style=\"min-height:100%\"><a style=\"margin-bottom:0\" class=\"ct-dynamic-media wp-elements-30\" aria-label=\"Editorial &#8211; Setembro 2026\" href=\"https:\/\/www.foradacaixacoletivo.com.br\/openzine\/editorial-setembro-2026\/\"><img loading=\"lazy\" decoding=\"async\" width=\"840\" height=\"375\" src=\"https:\/\/www.foradacaixacoletivo.com.br\/openzine\/wp-content\/uploads\/2026\/09\/editorial-setembro-2026.webp\" class=\"attachment-full size-full not-transparent\" alt=\"\" style=\"--dominant-color: #dae8d2;width:100%;height:100%;object-fit: cover;aspect-ratio: 16\/9;\" srcset=\"https:\/\/www.foradacaixacoletivo.com.br\/openzine\/wp-content\/uploads\/2026\/09\/editorial-setembro-2026.webp 840w, https:\/\/www.foradacaixacoletivo.com.br\/openzine\/wp-content\/uploads\/2026\/09\/editorial-setembro-2026-300x134.webp 300w, https:\/\/www.foradacaixacoletivo.com.br\/openzine\/wp-content\/uploads\/2026\/09\/editorial-setembro-2026-768x343.webp 768w\" sizes=\"(max-width: 840px) 100vw, 840px\" data-has-transparency=\"false\" data-dominant-color=\"dae8d2\" \/><\/a>\n\n\n<div class=\"wp-block-group has-palette-color-8-background-color has-background wp-container-content-9cfa9a5a is-layout-constrained wp-block-group-is-layout-constrained\" style=\"min-height:100%\"><h2 style=\"font-size:clamp(14px, 0.875rem + ((1vw - 3.2px) * 0.313), 18px)\" class=\"ct-dynamic-data wp-elements-31\"><a href=\"https:\/\/www.foradacaixacoletivo.com.br\/openzine\/editorial-setembro-2026\/\">Editorial &#8211; Setembro 2026<\/a><\/h2><\/div>\n<\/div>\n\n<\/article><\/div><div class=\"flexy-item\"><article class=\"wp-block-post is-layout-flow post-10376 post type-post status-publish format-standard has-post-thumbnail hentry category-destaque category-conversas-fora-da-caixa-videos category-videos\"><a href=\"https:\/\/www.foradacaixacoletivo.com.br\/openzine\/conversations-outside-the-box-janet-gerson\/\" class=\"ct-link-overlay\"><\/a>\n\n<div class=\"wp-block-group is-vertical is-content-justification-stretch is-nowrap is-layout-flex wp-container-core-group-is-layout-da971d65 wp-block-group-is-layout-flex\" style=\"min-height:100%\"><a style=\"margin-bottom:0\" class=\"ct-dynamic-media wp-elements-32\" aria-label=\"Conversations Outside the Box &#8211; Janet Gerson\" href=\"https:\/\/www.foradacaixacoletivo.com.br\/openzine\/conversations-outside-the-box-janet-gerson\/\"><img loading=\"lazy\" decoding=\"async\" width=\"840\" height=\"375\" src=\"https:\/\/www.foradacaixacoletivo.com.br\/openzine\/wp-content\/uploads\/2026\/09\/Conversations-Outside-the-Box-Janet-Gerson.webp\" class=\"attachment-full size-full not-transparent\" alt=\"\" style=\"--dominant-color: #4569a6;width:100%;height:100%;object-fit: cover;aspect-ratio: 16\/9;\" srcset=\"https:\/\/www.foradacaixacoletivo.com.br\/openzine\/wp-content\/uploads\/2026\/09\/Conversations-Outside-the-Box-Janet-Gerson.webp 840w, https:\/\/www.foradacaixacoletivo.com.br\/openzine\/wp-content\/uploads\/2026\/09\/Conversations-Outside-the-Box-Janet-Gerson-300x134.webp 300w, https:\/\/www.foradacaixacoletivo.com.br\/openzine\/wp-content\/uploads\/2026\/09\/Conversations-Outside-the-Box-Janet-Gerson-768x343.webp 768w\" sizes=\"(max-width: 840px) 100vw, 840px\" data-has-transparency=\"false\" data-dominant-color=\"4569a6\" \/><\/a>\n\n\n<div class=\"wp-block-group has-palette-color-8-background-color has-background wp-container-content-9cfa9a5a is-layout-constrained wp-block-group-is-layout-constrained\" style=\"min-height:100%\"><h2 style=\"font-size:clamp(14px, 0.875rem + ((1vw - 3.2px) * 0.313), 18px)\" class=\"ct-dynamic-data wp-elements-33\"><a href=\"https:\/\/www.foradacaixacoletivo.com.br\/openzine\/conversations-outside-the-box-janet-gerson\/\">Conversations Outside the Box &#8211; Janet Gerson<\/a><\/h2><\/div>\n<\/div>\n\n<\/article><\/div><div class=\"flexy-item\"><article class=\"wp-block-post is-layout-flow post-10366 post type-post status-publish format-standard has-post-thumbnail hentry category-destaque category-conversas-fora-da-caixa-videos category-videos\"><a href=\"https:\/\/www.foradacaixacoletivo.com.br\/openzine\/conversas-fora-da-caixa-janet-gerson\/\" class=\"ct-link-overlay\"><\/a>\n\n<div class=\"wp-block-group is-vertical is-content-justification-stretch is-nowrap is-layout-flex wp-container-core-group-is-layout-da971d65 wp-block-group-is-layout-flex\" style=\"min-height:100%\"><a style=\"margin-bottom:0\" class=\"ct-dynamic-media wp-elements-34\" aria-label=\"Conversas Fora da Caixa &#8211; Janet Gerson\" href=\"https:\/\/www.foradacaixacoletivo.com.br\/openzine\/conversas-fora-da-caixa-janet-gerson\/\"><img loading=\"lazy\" decoding=\"async\" width=\"840\" height=\"375\" src=\"https:\/\/www.foradacaixacoletivo.com.br\/openzine\/wp-content\/uploads\/2026\/09\/Conversas-Fora-da-Caixa-Janet-Gerson.webp\" class=\"attachment-full size-full not-transparent\" alt=\"\" style=\"--dominant-color: #446aa8;width:100%;height:100%;object-fit: cover;aspect-ratio: 16\/9;\" srcset=\"https:\/\/www.foradacaixacoletivo.com.br\/openzine\/wp-content\/uploads\/2026\/09\/Conversas-Fora-da-Caixa-Janet-Gerson.webp 840w, https:\/\/www.foradacaixacoletivo.com.br\/openzine\/wp-content\/uploads\/2026\/09\/Conversas-Fora-da-Caixa-Janet-Gerson-300x134.webp 300w, https:\/\/www.foradacaixacoletivo.com.br\/openzine\/wp-content\/uploads\/2026\/09\/Conversas-Fora-da-Caixa-Janet-Gerson-768x343.webp 768w\" sizes=\"(max-width: 840px) 100vw, 840px\" data-has-transparency=\"false\" data-dominant-color=\"446aa8\" \/><\/a>\n\n\n<div class=\"wp-block-group has-palette-color-8-background-color has-background wp-container-content-9cfa9a5a is-layout-constrained wp-block-group-is-layout-constrained\" style=\"min-height:100%\"><h2 style=\"font-size:clamp(14px, 0.875rem + ((1vw - 3.2px) * 0.313), 18px)\" class=\"ct-dynamic-data wp-elements-35\"><a href=\"https:\/\/www.foradacaixacoletivo.com.br\/openzine\/conversas-fora-da-caixa-janet-gerson\/\">Conversas Fora da Caixa &#8211; Janet Gerson<\/a><\/h2><\/div>\n<\/div>\n\n<\/article><\/div><div class=\"flexy-item\"><article class=\"wp-block-post is-layout-flow post-10358 post type-post status-publish format-standard has-post-thumbnail hentry category-destaque category-agenda category-eventos category-on-line\"><a href=\"https:\/\/www.foradacaixacoletivo.com.br\/openzine\/a-importancia-da-autocompaixao-para-a-saude-emocional-online\/\" class=\"ct-link-overlay\"><\/a>\n\n<div class=\"wp-block-group is-vertical is-content-justification-stretch is-nowrap is-layout-flex wp-container-core-group-is-layout-da971d65 wp-block-group-is-layout-flex\" style=\"min-height:100%\"><a style=\"margin-bottom:0\" class=\"ct-dynamic-media wp-elements-36\" aria-label=\"A import\u00e2ncia da Autocompaix\u00e3o para a sa\u00fade emocional &#8211; Online\" href=\"https:\/\/www.foradacaixacoletivo.com.br\/openzine\/a-importancia-da-autocompaixao-para-a-saude-emocional-online\/\"><img loading=\"lazy\" decoding=\"async\" width=\"840\" height=\"375\" src=\"https:\/\/www.foradacaixacoletivo.com.br\/openzine\/wp-content\/uploads\/2026\/09\/A-importancia-da-Autocompaixao-para-a-saude-emocional.webp\" class=\"attachment-full size-full not-transparent\" alt=\"\" style=\"--dominant-color: #be8a74;width:100%;height:100%;object-fit: cover;aspect-ratio: 16\/9;\" srcset=\"https:\/\/www.foradacaixacoletivo.com.br\/openzine\/wp-content\/uploads\/2026\/09\/A-importancia-da-Autocompaixao-para-a-saude-emocional.webp 840w, https:\/\/www.foradacaixacoletivo.com.br\/openzine\/wp-content\/uploads\/2026\/09\/A-importancia-da-Autocompaixao-para-a-saude-emocional-300x134.webp 300w, https:\/\/www.foradacaixacoletivo.com.br\/openzine\/wp-content\/uploads\/2026\/09\/A-importancia-da-Autocompaixao-para-a-saude-emocional-768x343.webp 768w\" sizes=\"(max-width: 840px) 100vw, 840px\" data-has-transparency=\"false\" data-dominant-color=\"be8a74\" \/><\/a>\n\n\n<div class=\"wp-block-group has-palette-color-8-background-color has-background wp-container-content-9cfa9a5a is-layout-constrained wp-block-group-is-layout-constrained\" style=\"min-height:100%\"><h2 style=\"font-size:clamp(14px, 0.875rem + ((1vw - 3.2px) * 0.313), 18px)\" class=\"ct-dynamic-data wp-elements-37\"><a href=\"https:\/\/www.foradacaixacoletivo.com.br\/openzine\/a-importancia-da-autocompaixao-para-a-saude-emocional-online\/\">A import\u00e2ncia da Autocompaix\u00e3o para a sa\u00fade emocional &#8211; Online<\/a><\/h2><\/div>\n<\/div>\n\n<\/article><\/div><div class=\"flexy-item\"><article class=\"wp-block-post is-layout-flow post-10354 post type-post status-publish format-standard has-post-thumbnail hentry category-destaque category-agenda category-oficina\"><a href=\"https:\/\/www.foradacaixacoletivo.com.br\/openzine\/oficina-de-nutricao-terapeutica-2\/\" class=\"ct-link-overlay\"><\/a>\n\n<div class=\"wp-block-group is-vertical is-content-justification-stretch is-nowrap is-layout-flex wp-container-core-group-is-layout-da971d65 wp-block-group-is-layout-flex\" style=\"min-height:100%\"><a style=\"margin-bottom:0\" class=\"ct-dynamic-media wp-elements-38\" aria-label=\"Oficina de Nutri\u00e7\u00e3o Terap\u00eautica\" href=\"https:\/\/www.foradacaixacoletivo.com.br\/openzine\/oficina-de-nutricao-terapeutica-2\/\"><img loading=\"lazy\" decoding=\"async\" width=\"840\" height=\"375\" src=\"https:\/\/www.foradacaixacoletivo.com.br\/openzine\/wp-content\/uploads\/2026\/08\/Oficina-de-Nutricao-Terapeutica.webp\" class=\"attachment-full size-full not-transparent\" alt=\"\" style=\"--dominant-color: #758969;width:100%;height:100%;object-fit: cover;aspect-ratio: 16\/9;\" srcset=\"https:\/\/www.foradacaixacoletivo.com.br\/openzine\/wp-content\/uploads\/2026\/08\/Oficina-de-Nutricao-Terapeutica.webp 840w, https:\/\/www.foradacaixacoletivo.com.br\/openzine\/wp-content\/uploads\/2026\/08\/Oficina-de-Nutricao-Terapeutica-300x134.webp 300w, https:\/\/www.foradacaixacoletivo.com.br\/openzine\/wp-content\/uploads\/2026\/08\/Oficina-de-Nutricao-Terapeutica-768x343.webp 768w\" sizes=\"(max-width: 840px) 100vw, 840px\" data-has-transparency=\"false\" data-dominant-color=\"758969\" \/><\/a>\n\n\n<div class=\"wp-block-group has-palette-color-8-background-color has-background wp-container-content-9cfa9a5a is-layout-constrained wp-block-group-is-layout-constrained\" style=\"min-height:100%\"><h2 style=\"font-size:clamp(14px, 0.875rem + ((1vw - 3.2px) * 0.313), 18px)\" class=\"ct-dynamic-data wp-elements-39\"><a href=\"https:\/\/www.foradacaixacoletivo.com.br\/openzine\/oficina-de-nutricao-terapeutica-2\/\">Oficina de Nutri\u00e7\u00e3o Terap\u00eautica<\/a><\/h2><\/div>\n<\/div>\n\n<\/article><\/div><div class=\"flexy-item\"><article class=\"wp-block-post is-layout-flow post-10351 post type-post status-publish format-standard has-post-thumbnail hentry category-destaque category-tributo\"><a href=\"https:\/\/www.foradacaixacoletivo.com.br\/openzine\/tributo-a-joao-signorelli\/\" class=\"ct-link-overlay\"><\/a>\n\n<div class=\"wp-block-group is-vertical is-content-justification-stretch is-nowrap is-layout-flex wp-container-core-group-is-layout-da971d65 wp-block-group-is-layout-flex\" style=\"min-height:100%\"><a style=\"margin-bottom:0\" class=\"ct-dynamic-media wp-elements-40\" aria-label=\"Tributo a Jo\u00e3o Signorelli\" href=\"https:\/\/www.foradacaixacoletivo.com.br\/openzine\/tributo-a-joao-signorelli\/\"><img loading=\"lazy\" decoding=\"async\" width=\"840\" height=\"375\" src=\"https:\/\/www.foradacaixacoletivo.com.br\/openzine\/wp-content\/uploads\/2026\/08\/Tributo-a-Joao-Signorelli.webp\" class=\"attachment-full size-full not-transparent\" alt=\"\" style=\"--dominant-color: #c5c9c5;width:100%;height:100%;object-fit: cover;aspect-ratio: 16\/9;\" srcset=\"https:\/\/www.foradacaixacoletivo.com.br\/openzine\/wp-content\/uploads\/2026\/08\/Tributo-a-Joao-Signorelli.webp 840w, https:\/\/www.foradacaixacoletivo.com.br\/openzine\/wp-content\/uploads\/2026\/08\/Tributo-a-Joao-Signorelli-300x134.webp 300w, https:\/\/www.foradacaixacoletivo.com.br\/openzine\/wp-content\/uploads\/2026\/08\/Tributo-a-Joao-Signorelli-768x343.webp 768w\" sizes=\"(max-width: 840px) 100vw, 840px\" data-has-transparency=\"false\" data-dominant-color=\"c5c9c5\" \/><\/a>\n\n\n<div class=\"wp-block-group has-palette-color-8-background-color has-background wp-container-content-9cfa9a5a is-layout-constrained wp-block-group-is-layout-constrained\" style=\"min-height:100%\"><h2 style=\"font-size:clamp(14px, 0.875rem + ((1vw - 3.2px) * 0.313), 18px)\" class=\"ct-dynamic-data wp-elements-41\"><a href=\"https:\/\/www.foradacaixacoletivo.com.br\/openzine\/tributo-a-joao-signorelli\/\">Tributo a Jo\u00e3o Signorelli<\/a><\/h2><\/div>\n<\/div>\n\n<\/article><\/div><div class=\"flexy-item\"><article class=\"wp-block-post is-layout-flow post-10341 post type-post status-publish format-standard has-post-thumbnail hentry category-destaque category-agenda category-eventos category-webinar\"><a href=\"https:\/\/www.foradacaixacoletivo.com.br\/openzine\/decolonizing-educationthe-global-south-perspective-in-the-age-of-ai\/\" class=\"ct-link-overlay\"><\/a>\n\n<div class=\"wp-block-group is-vertical is-content-justification-stretch is-nowrap is-layout-flex wp-container-core-group-is-layout-da971d65 wp-block-group-is-layout-flex\" style=\"min-height:100%\"><a style=\"margin-bottom:0\" class=\"ct-dynamic-media wp-elements-42\" aria-label=\"Decolonizing Education:The Global South Perspective in the Age of AI\" href=\"https:\/\/www.foradacaixacoletivo.com.br\/openzine\/decolonizing-educationthe-global-south-perspective-in-the-age-of-ai\/\"><img loading=\"lazy\" decoding=\"async\" width=\"840\" height=\"375\" src=\"https:\/\/www.foradacaixacoletivo.com.br\/openzine\/wp-content\/uploads\/2026\/08\/Decolonizing-Education-The-Global-South-Perspective-in-the-Age-of-AI-1.webp\" class=\"attachment-full size-full not-transparent\" alt=\"\" style=\"--dominant-color: #dee3de;width:100%;height:100%;object-fit: cover;aspect-ratio: 16\/9;\" srcset=\"https:\/\/www.foradacaixacoletivo.com.br\/openzine\/wp-content\/uploads\/2026\/08\/Decolonizing-Education-The-Global-South-Perspective-in-the-Age-of-AI-1.webp 840w, https:\/\/www.foradacaixacoletivo.com.br\/openzine\/wp-content\/uploads\/2026\/08\/Decolonizing-Education-The-Global-South-Perspective-in-the-Age-of-AI-1-300x134.webp 300w, https:\/\/www.foradacaixacoletivo.com.br\/openzine\/wp-content\/uploads\/2026\/08\/Decolonizing-Education-The-Global-South-Perspective-in-the-Age-of-AI-1-768x343.webp 768w\" sizes=\"(max-width: 840px) 100vw, 840px\" data-has-transparency=\"false\" data-dominant-color=\"dee3de\" \/><\/a>\n\n\n<div class=\"wp-block-group has-palette-color-8-background-color has-background wp-container-content-9cfa9a5a is-layout-constrained wp-block-group-is-layout-constrained\" style=\"min-height:100%\"><h2 style=\"font-size:clamp(14px, 0.875rem + ((1vw - 3.2px) * 0.313), 18px)\" class=\"ct-dynamic-data wp-elements-43\"><a href=\"https:\/\/www.foradacaixacoletivo.com.br\/openzine\/decolonizing-educationthe-global-south-perspective-in-the-age-of-ai\/\">Decolonizing Education:The Global South Perspective in the Age of AI<\/a><\/h2><\/div>\n<\/div>\n\n<\/article><\/div><div class=\"flexy-item\"><article class=\"wp-block-post is-layout-flow post-10333 post type-post status-publish format-standard has-post-thumbnail hentry category-destaque category-artigos tag-espanha\"><a href=\"https:\/\/www.foradacaixacoletivo.com.br\/openzine\/a-wandering-soul-in-spain\/\" class=\"ct-link-overlay\"><\/a>\n\n<div class=\"wp-block-group is-vertical is-content-justification-stretch is-nowrap is-layout-flex wp-container-core-group-is-layout-da971d65 wp-block-group-is-layout-flex\" style=\"min-height:100%\"><a style=\"margin-bottom:0\" class=\"ct-dynamic-media wp-elements-44\" aria-label=\"A wandering soul in Spain\" href=\"https:\/\/www.foradacaixacoletivo.com.br\/openzine\/a-wandering-soul-in-spain\/\"><img loading=\"lazy\" decoding=\"async\" width=\"840\" height=\"375\" src=\"https:\/\/www.foradacaixacoletivo.com.br\/openzine\/wp-content\/uploads\/2026\/08\/A-wandering-soul-in-Spain.webp\" class=\"attachment-full size-full not-transparent\" alt=\"\" style=\"--dominant-color: #898177;width:100%;height:100%;object-fit: cover;aspect-ratio: 16\/9;\" srcset=\"https:\/\/www.foradacaixacoletivo.com.br\/openzine\/wp-content\/uploads\/2026\/08\/A-wandering-soul-in-Spain.webp 840w, https:\/\/www.foradacaixacoletivo.com.br\/openzine\/wp-content\/uploads\/2026\/08\/A-wandering-soul-in-Spain-300x134.webp 300w, https:\/\/www.foradacaixacoletivo.com.br\/openzine\/wp-content\/uploads\/2026\/08\/A-wandering-soul-in-Spain-768x343.webp 768w\" sizes=\"(max-width: 840px) 100vw, 840px\" data-has-transparency=\"false\" data-dominant-color=\"898177\" \/><\/a>\n\n\n<div class=\"wp-block-group has-palette-color-8-background-color has-background wp-container-content-9cfa9a5a is-layout-constrained wp-block-group-is-layout-constrained\" style=\"min-height:100%\"><h2 style=\"font-size:clamp(14px, 0.875rem + ((1vw - 3.2px) * 0.313), 18px)\" class=\"ct-dynamic-data wp-elements-45\"><a href=\"https:\/\/www.foradacaixacoletivo.com.br\/openzine\/a-wandering-soul-in-spain\/\">A wandering soul in Spain<\/a><\/h2><\/div>\n<\/div>\n\n<\/article><\/div><div class=\"flexy-item\"><article class=\"wp-block-post is-layout-flow post-10170 post type-post status-publish format-standard has-post-thumbnail hentry category-destaque category-artigos tag-espanha\"><a href=\"https:\/\/www.foradacaixacoletivo.com.br\/openzine\/uma-alma-de-andarilha-na-espanha\/\" class=\"ct-link-overlay\"><\/a>\n\n<div class=\"wp-block-group is-vertical is-content-justification-stretch is-nowrap is-layout-flex wp-container-core-group-is-layout-da971d65 wp-block-group-is-layout-flex\" style=\"min-height:100%\"><a style=\"margin-bottom:0\" class=\"ct-dynamic-media wp-elements-46\" aria-label=\"Uma alma de andarilha na Espanha\" href=\"https:\/\/www.foradacaixacoletivo.com.br\/openzine\/uma-alma-de-andarilha-na-espanha\/\"><img loading=\"lazy\" decoding=\"async\" width=\"840\" height=\"375\" src=\"https:\/\/www.foradacaixacoletivo.com.br\/openzine\/wp-content\/uploads\/2026\/08\/Uma-alma-de-andarilha-na-Espanha.webp\" class=\"attachment-full size-full not-transparent\" alt=\"\" style=\"--dominant-color: #8a8178;width:100%;height:100%;object-fit: cover;aspect-ratio: 16\/9;\" srcset=\"https:\/\/www.foradacaixacoletivo.com.br\/openzine\/wp-content\/uploads\/2026\/08\/Uma-alma-de-andarilha-na-Espanha.webp 840w, https:\/\/www.foradacaixacoletivo.com.br\/openzine\/wp-content\/uploads\/2026\/08\/Uma-alma-de-andarilha-na-Espanha-300x134.webp 300w, https:\/\/www.foradacaixacoletivo.com.br\/openzine\/wp-content\/uploads\/2026\/08\/Uma-alma-de-andarilha-na-Espanha-768x343.webp 768w\" sizes=\"(max-width: 840px) 100vw, 840px\" data-has-transparency=\"false\" data-dominant-color=\"8a8178\" \/><\/a>\n\n\n<div class=\"wp-block-group has-palette-color-8-background-color has-background wp-container-content-9cfa9a5a is-layout-constrained wp-block-group-is-layout-constrained\" style=\"min-height:100%\"><h2 style=\"font-size:clamp(14px, 0.875rem + ((1vw - 3.2px) * 0.313), 18px)\" class=\"ct-dynamic-data wp-elements-47\"><a href=\"https:\/\/www.foradacaixacoletivo.com.br\/openzine\/uma-alma-de-andarilha-na-espanha\/\">Uma alma de andarilha na Espanha<\/a><\/h2><\/div>\n<\/div>\n\n<\/article><\/div><\/div><\/div><span class=\"flexy-arrow-prev\" data-position=\"outside\"><svg width=\"16\" height=\"10\" fill=\"currentColor\" viewBox=\"0 0 16 10\"><path d=\"M15.3 4.3h-13l2.8-3c.3-.3.3-.7 0-1-.3-.3-.6-.3-.9 0l-4 4.2-.2.2v.6c0 .1.1.2.2.2l4 4.2c.3.4.6.4.9 0 .3-.3.3-.7 0-1l-2.8-3h13c.2 0 .4-.1.5-.2s.2-.3.2-.5-.1-.4-.2-.5c-.1-.1-.3-.2-.5-.2z\"><\/path><\/svg><\/span>\n\t\t\t\t\t\t\t\t<span class=\"flexy-arrow-next\" data-position=\"outside\"><svg width=\"16\" height=\"10\" fill=\"currentColor\" viewBox=\"0 0 16 10\"><path d=\"M.2 4.5c-.1.1-.2.3-.2.5s.1.4.2.5c.1.1.3.2.5.2h13l-2.8 3c-.3.3-.3.7 0 1 .3.3.6.3.9 0l4-4.2.2-.2V5v-.3c0-.1-.1-.2-.2-.2l-4-4.2c-.3-.4-.6-.4-.9 0-.3.3-.3.7 0 1l2.8 3H.7c-.2 0-.4.1-.5.2z\"><\/path><\/svg><\/span><\/div><\/div><\/div><style>[data-id='aff8713b'] {--grid-columns-width:33.33%;} [data-id='aff8713b'] [data-flexy*=\"no\"] .flexy-item:nth-child(n + 4) {height:1px;}@media (max-width: 999.98px) {[data-id='aff8713b'] {--grid-columns-width:50%;} [data-id='aff8713b'] [data-flexy*=\"no\"] .flexy-item:nth-child(n + 3) {height:1px;}}@media (max-width: 689.98px) {[data-id='aff8713b'] {--grid-columns-width:100%;} [data-id='aff8713b'] [data-flexy*=\"no\"] .flexy-item:nth-child(n + 2) {height:1px;}}<\/style><\/div>\n\n\n\n<div style=\"height:50px\" aria-hidden=\"true\" class=\"wp-block-spacer\"><\/div>\n\n\n\n<div class=\"wp-block-group animated backInUp has-palette-color-8-background-color has-background is-content-justification-space-between is-nowrap is-layout-flex wp-container-core-group-is-layout-12c9feab wp-block-group-is-layout-flex\" style=\"min-height:220px;margin-top:0;margin-bottom:0;padding-top:var(--wp--preset--spacing--50);padding-right:var(--wp--preset--spacing--30);padding-bottom:var(--wp--preset--spacing--50);padding-left:var(--wp--preset--spacing--30)\">\n<figure class=\"wp-block-image aligncenter size-full o-anim-hover\"><a href=\"https:\/\/www.foradacaixacoletivo.com.br\/openzine\/lancamento-do-ebook-educacao-para-paz-fundamentos-e-aplicacao-pratica\/\" target=\"_blank\"><img data-dominant-color=\"d8ddda\" data-has-transparency=\"true\" style=\"--dominant-color: #d8ddda;\" loading=\"lazy\" decoding=\"async\" width=\"180\" height=\"180\" src=\"https:\/\/www.foradacaixacoletivo.com.br\/openzine\/wp-content\/uploads\/2026\/02\/e-book-pt-br.webp\" alt=\"E-book: Educa\u00e7\u00e3o para Paz \u2013 Fundamentos e Aplica\u00e7\u00e3o Pr\u00e1tica\" class=\"wp-image-9281 has-transparency\" srcset=\"https:\/\/www.foradacaixacoletivo.com.br\/openzine\/wp-content\/uploads\/2026\/02\/e-book-pt-br.webp 180w, https:\/\/www.foradacaixacoletivo.com.br\/openzine\/wp-content\/uploads\/2026\/02\/e-book-pt-br-150x150.webp 150w\" sizes=\"(max-width: 180px) 100vw, 180px\" \/><\/a><\/figure>\n\n\n\n<figure class=\"wp-block-image aligncenter size-full o-anim-hover\"><a href=\"https:\/\/www.foradacaixacoletivo.com.br\/openzine\/ebook-launch-education-for-peace-principles-and-practical-approach\/\" target=\"_blank\"><img data-dominant-color=\"d8ddda\" data-has-transparency=\"true\" style=\"--dominant-color: #d8ddda;\" loading=\"lazy\" decoding=\"async\" width=\"180\" height=\"180\" src=\"https:\/\/www.foradacaixacoletivo.com.br\/openzine\/wp-content\/uploads\/2026\/02\/e-book-english.webp\" alt=\"E-book: Education for Peace \u2013 Principles and Practical Approach\" class=\"wp-image-9282 has-transparency\" srcset=\"https:\/\/www.foradacaixacoletivo.com.br\/openzine\/wp-content\/uploads\/2026\/02\/e-book-english.webp 180w, https:\/\/www.foradacaixacoletivo.com.br\/openzine\/wp-content\/uploads\/2026\/02\/e-book-english-150x150.webp 150w\" sizes=\"(max-width: 180px) 100vw, 180px\" \/><\/a><\/figure>\n\n\n\n<figure class=\"wp-block-image size-full\"><a href=\"https:\/\/www.foradacaixacoletivo.com.br\/openzine\/categoria\/podcasts\/\"><img data-dominant-color=\"6e6e71\" data-has-transparency=\"true\" style=\"--dominant-color: #6e6e71;\" loading=\"lazy\" decoding=\"async\" width=\"180\" height=\"180\" src=\"https:\/\/www.foradacaixacoletivo.com.br\/openzine\/wp-content\/uploads\/2026\/02\/podcasts.webp\" alt=\"Podcasts\" class=\"wp-image-9401 has-transparency\" srcset=\"https:\/\/www.foradacaixacoletivo.com.br\/openzine\/wp-content\/uploads\/2026\/02\/podcasts.webp 180w, https:\/\/www.foradacaixacoletivo.com.br\/openzine\/wp-content\/uploads\/2026\/02\/podcasts-150x150.webp 150w\" sizes=\"(max-width: 180px) 100vw, 180px\" \/><\/a><\/figure>\n\n\n\n<figure class=\"wp-block-image size-full\" style=\"margin-right:var(--wp--preset--spacing--20);margin-left:var(--wp--preset--spacing--20)\"><a href=\"https:\/\/www.foradacaixacoletivo.com.br\/openzine\/categoria\/entrevistas\/\"><img data-dominant-color=\"e9d3d2\" data-has-transparency=\"false\" style=\"--dominant-color: #e9d3d2;\" loading=\"lazy\" decoding=\"async\" width=\"180\" height=\"180\" src=\"https:\/\/www.foradacaixacoletivo.com.br\/openzine\/wp-content\/uploads\/2026\/02\/conversas-fora-da-caixa.webp\" alt=\"\" class=\"wp-image-9590 not-transparent\" srcset=\"https:\/\/www.foradacaixacoletivo.com.br\/openzine\/wp-content\/uploads\/2026\/02\/conversas-fora-da-caixa.webp 180w, https:\/\/www.foradacaixacoletivo.com.br\/openzine\/wp-content\/uploads\/2026\/02\/conversas-fora-da-caixa-150x150.webp 150w\" sizes=\"(max-width: 180px) 100vw, 180px\" \/><\/a><\/figure>\n<\/div>\n\n\n\n<div style=\"height:50px\" aria-hidden=\"true\" class=\"wp-block-spacer\"><\/div>\n\n\n\n<h4 class=\"wp-block-heading has-palette-color-3-color has-text-color has-link-color wp-elements-48\">Cursos<\/h4>\n\n\n\n<div data-id=\"2433c91b\" class=\"wp-block-blocksy-query\"><div class=\"ct-query-template is-layout-slider ct-has-link-overlay\"><div class=\"flexy-container\" data-flexy=\"no\" data-autoplay=\"3\"><div class=\"flexy\"><div class=\"flexy-view\" data-flexy-view=\"boxed\"><div class=\"flexy-items\"><div class=\"flexy-item\"><article class=\"wp-block-post is-layout-flow post-10358 post type-post status-publish format-standard has-post-thumbnail hentry category-destaque category-agenda category-eventos category-on-line\"><a href=\"https:\/\/www.foradacaixacoletivo.com.br\/openzine\/a-importancia-da-autocompaixao-para-a-saude-emocional-online\/\" class=\"ct-link-overlay\"><\/a>\n\n<div class=\"wp-block-group is-vertical is-content-justification-center is-nowrap is-layout-flex wp-container-core-group-is-layout-6b882056 wp-block-group-is-layout-flex\" style=\"min-height:100%;padding-right:0;padding-left:0\"><a style=\"margin-bottom:0\" class=\"ct-dynamic-media wp-elements-57\" aria-label=\"A import\u00e2ncia da Autocompaix\u00e3o para a sa\u00fade emocional &#8211; Online\" href=\"https:\/\/www.foradacaixacoletivo.com.br\/openzine\/a-importancia-da-autocompaixao-para-a-saude-emocional-online\/\"><img loading=\"lazy\" decoding=\"async\" width=\"840\" height=\"375\" src=\"https:\/\/www.foradacaixacoletivo.com.br\/openzine\/wp-content\/uploads\/2026\/09\/A-importancia-da-Autocompaixao-para-a-saude-emocional.webp\" class=\"attachment-full size-full not-transparent\" alt=\"\" style=\"--dominant-color: #be8a74;width:100%;height:100%;object-fit: cover;aspect-ratio: 16\/9;\" srcset=\"https:\/\/www.foradacaixacoletivo.com.br\/openzine\/wp-content\/uploads\/2026\/09\/A-importancia-da-Autocompaixao-para-a-saude-emocional.webp 840w, https:\/\/www.foradacaixacoletivo.com.br\/openzine\/wp-content\/uploads\/2026\/09\/A-importancia-da-Autocompaixao-para-a-saude-emocional-300x134.webp 300w, https:\/\/www.foradacaixacoletivo.com.br\/openzine\/wp-content\/uploads\/2026\/09\/A-importancia-da-Autocompaixao-para-a-saude-emocional-768x343.webp 768w\" sizes=\"(max-width: 840px) 100vw, 840px\" data-has-transparency=\"false\" data-dominant-color=\"be8a74\" \/><\/a>\n\n\n<div class=\"wp-block-group has-palette-color-8-background-color has-background wp-container-content-9cfa9a5a is-layout-constrained wp-block-group-is-layout-constrained\" style=\"min-height:100%\"><h2 style=\"font-size:clamp(14px, 0.875rem + ((1vw - 3.2px) * 0.313), 18px)\" class=\"ct-dynamic-data wp-elements-58\"><a href=\"https:\/\/www.foradacaixacoletivo.com.br\/openzine\/a-importancia-da-autocompaixao-para-a-saude-emocional-online\/\">A import\u00e2ncia da Autocompaix\u00e3o para a sa\u00fade emocional &#8211; Online<\/a><\/h2>\n\n<div class=\"wp-block-post-excerpt\"><p class=\"wp-block-post-excerpt__excerpt\">| Data:19\/09\/2026| Hora: 15h Estamos vivendo em uma sociedade que nos empurra cada vez mais&hellip; <\/p><\/div><\/div>\n<\/div>\n\n<\/article><\/div><div class=\"flexy-item\"><article class=\"wp-block-post is-layout-flow post-10354 post type-post status-publish format-standard has-post-thumbnail hentry category-destaque category-agenda category-oficina\"><a href=\"https:\/\/www.foradacaixacoletivo.com.br\/openzine\/oficina-de-nutricao-terapeutica-2\/\" class=\"ct-link-overlay\"><\/a>\n\n<div class=\"wp-block-group is-vertical is-content-justification-center is-nowrap is-layout-flex wp-container-core-group-is-layout-6b882056 wp-block-group-is-layout-flex\" style=\"min-height:100%;padding-right:0;padding-left:0\"><a style=\"margin-bottom:0\" class=\"ct-dynamic-media wp-elements-59\" aria-label=\"Oficina de Nutri\u00e7\u00e3o Terap\u00eautica\" href=\"https:\/\/www.foradacaixacoletivo.com.br\/openzine\/oficina-de-nutricao-terapeutica-2\/\"><img loading=\"lazy\" decoding=\"async\" width=\"840\" height=\"375\" src=\"https:\/\/www.foradacaixacoletivo.com.br\/openzine\/wp-content\/uploads\/2026\/08\/Oficina-de-Nutricao-Terapeutica.webp\" class=\"attachment-full size-full not-transparent\" alt=\"\" style=\"--dominant-color: #758969;width:100%;height:100%;object-fit: cover;aspect-ratio: 16\/9;\" srcset=\"https:\/\/www.foradacaixacoletivo.com.br\/openzine\/wp-content\/uploads\/2026\/08\/Oficina-de-Nutricao-Terapeutica.webp 840w, https:\/\/www.foradacaixacoletivo.com.br\/openzine\/wp-content\/uploads\/2026\/08\/Oficina-de-Nutricao-Terapeutica-300x134.webp 300w, https:\/\/www.foradacaixacoletivo.com.br\/openzine\/wp-content\/uploads\/2026\/08\/Oficina-de-Nutricao-Terapeutica-768x343.webp 768w\" sizes=\"(max-width: 840px) 100vw, 840px\" data-has-transparency=\"false\" data-dominant-color=\"758969\" \/><\/a>\n\n\n<div class=\"wp-block-group has-palette-color-8-background-color has-background wp-container-content-9cfa9a5a is-layout-constrained wp-block-group-is-layout-constrained\" style=\"min-height:100%\"><h2 style=\"font-size:clamp(14px, 0.875rem + ((1vw - 3.2px) * 0.313), 18px)\" class=\"ct-dynamic-data wp-elements-60\"><a href=\"https:\/\/www.foradacaixacoletivo.com.br\/openzine\/oficina-de-nutricao-terapeutica-2\/\">Oficina de Nutri\u00e7\u00e3o Terap\u00eautica<\/a><\/h2>\n\n<div class=\"wp-block-post-excerpt\"><p class=\"wp-block-post-excerpt__excerpt\">Dia \u2013 05\/09 \u2013 S\u00e1bado das 9:00 \u00e0s 12:00 Venha conhecer ervas, especiarias, gr\u00e3os e&hellip; <\/p><\/div><\/div>\n<\/div>\n\n<\/article><\/div><div class=\"flexy-item\"><article class=\"wp-block-post is-layout-flow post-8737 post type-post status-publish format-standard has-post-thumbnail hentry category-agenda category-cursos category-medicina-tibetana category-on-line\"><a href=\"https:\/\/www.foradacaixacoletivo.com.br\/openzine\/introducao-a-medicina-tibetana-curso-online-ou-presencial\/\" class=\"ct-link-overlay\"><\/a>\n\n<div class=\"wp-block-group is-vertical is-content-justification-center is-nowrap is-layout-flex wp-container-core-group-is-layout-6b882056 wp-block-group-is-layout-flex\" style=\"min-height:100%;padding-right:0;padding-left:0\"><a style=\"margin-bottom:0\" class=\"ct-dynamic-media wp-elements-61\" aria-label=\"Introdu\u00e7\u00e3o \u00e0 Medicina Tibetana \u2013 Curso On-line ou Presencial\" href=\"https:\/\/www.foradacaixacoletivo.com.br\/openzine\/introducao-a-medicina-tibetana-curso-online-ou-presencial\/\"><img loading=\"lazy\" decoding=\"async\" width=\"840\" height=\"375\" src=\"https:\/\/www.foradacaixacoletivo.com.br\/openzine\/wp-content\/uploads\/2026\/02\/Introducao-a-Medicina-Tibetana-\u2013-Curso-Online-ou-Presencial.webp\" class=\"attachment-full size-full not-transparent\" alt=\"\" style=\"--dominant-color: #89645d;width:100%;height:100%;object-fit: cover;aspect-ratio: 16\/9;\" srcset=\"https:\/\/www.foradacaixacoletivo.com.br\/openzine\/wp-content\/uploads\/2026\/02\/Introducao-a-Medicina-Tibetana-\u2013-Curso-Online-ou-Presencial.webp 840w, https:\/\/www.foradacaixacoletivo.com.br\/openzine\/wp-content\/uploads\/2026\/02\/Introducao-a-Medicina-Tibetana-\u2013-Curso-Online-ou-Presencial-300x134.webp 300w, https:\/\/www.foradacaixacoletivo.com.br\/openzine\/wp-content\/uploads\/2026\/02\/Introducao-a-Medicina-Tibetana-\u2013-Curso-Online-ou-Presencial-768x343.webp 768w\" sizes=\"(max-width: 840px) 100vw, 840px\" data-has-transparency=\"false\" data-dominant-color=\"89645d\" \/><\/a>\n\n\n<div class=\"wp-block-group has-palette-color-8-background-color has-background wp-container-content-9cfa9a5a is-layout-constrained wp-block-group-is-layout-constrained\" style=\"min-height:100%\"><h2 style=\"font-size:clamp(14px, 0.875rem + ((1vw - 3.2px) * 0.313), 18px)\" class=\"ct-dynamic-data wp-elements-62\"><a href=\"https:\/\/www.foradacaixacoletivo.com.br\/openzine\/introducao-a-medicina-tibetana-curso-online-ou-presencial\/\">Introdu\u00e7\u00e3o \u00e0 Medicina Tibetana \u2013 Curso On-line ou Presencial<\/a><\/h2>\n\n<div class=\"wp-block-post-excerpt\"><p class=\"wp-block-post-excerpt__excerpt\">O\u00a0Curso de Introdu\u00e7\u00e3o \u00e0 Medicina Tibetana\u00a0est\u00e1 com inscri\u00e7\u00f5es abertas, h\u00e1 possibilidade fazer o curso online&hellip; <\/p><\/div><\/div>\n<\/div>\n\n<\/article><\/div><div class=\"flexy-item\"><article class=\"wp-block-post is-layout-flow post-9817 post type-post status-publish format-standard has-post-thumbnail hentry category-arquivo category-cursos category-workshop\"><a href=\"https:\/\/www.foradacaixacoletivo.com.br\/openzine\/introducao-aos-3-humores-de-acordo-com-a-medicina-tibetana-workshop\/\" class=\"ct-link-overlay\"><\/a>\n\n<div class=\"wp-block-group is-vertical is-content-justification-center is-nowrap is-layout-flex wp-container-core-group-is-layout-6b882056 wp-block-group-is-layout-flex\" style=\"min-height:100%;padding-right:0;padding-left:0\"><a style=\"margin-bottom:0\" class=\"ct-dynamic-media wp-elements-63\" aria-label=\"Introdu\u00e7\u00e3o aos 3 humores de acordo com a Medicina Tibetana &#8211; Workshop\" href=\"https:\/\/www.foradacaixacoletivo.com.br\/openzine\/introducao-aos-3-humores-de-acordo-com-a-medicina-tibetana-workshop\/\"><img loading=\"lazy\" decoding=\"async\" width=\"840\" height=\"375\" src=\"https:\/\/www.foradacaixacoletivo.com.br\/openzine\/wp-content\/uploads\/2026\/03\/Introducao-aos-3-humores-de-acordo-com-a-Medicina-Tibetana-Workshop.webp\" class=\"attachment-full size-full not-transparent\" alt=\"\" style=\"--dominant-color: #d7d1c2;width:100%;height:100%;object-fit: cover;aspect-ratio: 16\/9;\" srcset=\"https:\/\/www.foradacaixacoletivo.com.br\/openzine\/wp-content\/uploads\/2026\/03\/Introducao-aos-3-humores-de-acordo-com-a-Medicina-Tibetana-Workshop.webp 840w, https:\/\/www.foradacaixacoletivo.com.br\/openzine\/wp-content\/uploads\/2026\/03\/Introducao-aos-3-humores-de-acordo-com-a-Medicina-Tibetana-Workshop-300x134.webp 300w, https:\/\/www.foradacaixacoletivo.com.br\/openzine\/wp-content\/uploads\/2026\/03\/Introducao-aos-3-humores-de-acordo-com-a-Medicina-Tibetana-Workshop-768x343.webp 768w\" sizes=\"(max-width: 840px) 100vw, 840px\" data-has-transparency=\"false\" data-dominant-color=\"d7d1c2\" \/><\/a>\n\n\n<div class=\"wp-block-group has-palette-color-8-background-color has-background wp-container-content-9cfa9a5a is-layout-constrained wp-block-group-is-layout-constrained\" style=\"min-height:100%\"><h2 style=\"font-size:clamp(14px, 0.875rem + ((1vw - 3.2px) * 0.313), 18px)\" class=\"ct-dynamic-data wp-elements-64\"><a href=\"https:\/\/www.foradacaixacoletivo.com.br\/openzine\/introducao-aos-3-humores-de-acordo-com-a-medicina-tibetana-workshop\/\">Introdu\u00e7\u00e3o aos 3 humores de acordo com a Medicina Tibetana &#8211; Workshop<\/a><\/h2>\n\n<div class=\"wp-block-post-excerpt\"><p class=\"wp-block-post-excerpt__excerpt\">25\/04 &#8211; S\u00e1bado &#8211; 9h \u00e0s 12h Existem tr\u00eas tipos principais, que na Medicina Tibetana&hellip; <\/p><\/div><\/div>\n<\/div>\n\n<\/article><\/div><div class=\"flexy-item\"><article class=\"wp-block-post is-layout-flow post-7237 post type-post status-publish format-standard has-post-thumbnail hentry category-arquivo category-cursos category-oficina\"><a href=\"https:\/\/www.foradacaixacoletivo.com.br\/openzine\/oficina-de-mandala\/\" class=\"ct-link-overlay\"><\/a>\n\n<div class=\"wp-block-group is-vertical is-content-justification-center is-nowrap is-layout-flex wp-container-core-group-is-layout-6b882056 wp-block-group-is-layout-flex\" style=\"min-height:100%;padding-right:0;padding-left:0\"><a style=\"margin-bottom:0\" class=\"ct-dynamic-media wp-elements-65\" aria-label=\"Oficina de Mandala\" href=\"https:\/\/www.foradacaixacoletivo.com.br\/openzine\/oficina-de-mandala\/\"><img loading=\"lazy\" decoding=\"async\" width=\"840\" height=\"357\" src=\"https:\/\/www.foradacaixacoletivo.com.br\/openzine\/wp-content\/uploads\/2024\/09\/OFICINA-de-mandala.png\" class=\"attachment-full size-full has-transparency\" alt=\"\" style=\"--dominant-color: #717c8f;width:100%;height:100%;object-fit: cover;aspect-ratio: 16\/9;\" srcset=\"https:\/\/www.foradacaixacoletivo.com.br\/openzine\/wp-content\/uploads\/2024\/09\/OFICINA-de-mandala.png 840w, https:\/\/www.foradacaixacoletivo.com.br\/openzine\/wp-content\/uploads\/2024\/09\/OFICINA-de-mandala-300x128.png 300w, https:\/\/www.foradacaixacoletivo.com.br\/openzine\/wp-content\/uploads\/2024\/09\/OFICINA-de-mandala-768x326.png 768w\" sizes=\"(max-width: 840px) 100vw, 840px\" data-has-transparency=\"true\" data-dominant-color=\"717c8f\" \/><\/a>\n\n\n<div class=\"wp-block-group has-palette-color-8-background-color has-background wp-container-content-9cfa9a5a is-layout-constrained wp-block-group-is-layout-constrained\" style=\"min-height:100%\"><h2 style=\"font-size:clamp(14px, 0.875rem + ((1vw - 3.2px) * 0.313), 18px)\" class=\"ct-dynamic-data wp-elements-66\"><a href=\"https:\/\/www.foradacaixacoletivo.com.br\/openzine\/oficina-de-mandala\/\">Oficina de Mandala<\/a><\/h2>\n\n<div class=\"wp-block-post-excerpt\"><p class=\"wp-block-post-excerpt__excerpt\">25\/04 &#8211; S\u00e1bado &#8211; 15h Voc\u00ea vai aprender passo a passo as t\u00e9cnicas do pontilhismo&hellip; <\/p><\/div><\/div>\n<\/div>\n\n<\/article><\/div><div class=\"flexy-item\"><article class=\"wp-block-post is-layout-flow post-9390 post type-post status-publish format-standard has-post-thumbnail hentry category-cursos category-medicina-tibetana category-workshop\"><a href=\"https:\/\/www.foradacaixacoletivo.com.br\/openzine\/filosofia-budista-medicina-e-yoga-tibetana-workshop\/\" class=\"ct-link-overlay\"><\/a>\n\n<div class=\"wp-block-group is-vertical is-content-justification-center is-nowrap is-layout-flex wp-container-core-group-is-layout-6b882056 wp-block-group-is-layout-flex\" style=\"min-height:100%;padding-right:0;padding-left:0\"><a style=\"margin-bottom:0\" class=\"ct-dynamic-media wp-elements-67\" aria-label=\"Filosofia Budista, Medicina e Yoga tibetana &#8211; Workshop\" href=\"https:\/\/www.foradacaixacoletivo.com.br\/openzine\/filosofia-budista-medicina-e-yoga-tibetana-workshop\/\"><img loading=\"lazy\" decoding=\"async\" width=\"840\" height=\"375\" src=\"https:\/\/www.foradacaixacoletivo.com.br\/openzine\/wp-content\/uploads\/2026\/02\/Filosofia-Budista-Medicina-e-Yoga-tibetana-Workshop.webp\" class=\"attachment-full size-full not-transparent\" alt=\"\" style=\"--dominant-color: #a18769;width:100%;height:100%;object-fit: cover;aspect-ratio: 16\/9;\" srcset=\"https:\/\/www.foradacaixacoletivo.com.br\/openzine\/wp-content\/uploads\/2026\/02\/Filosofia-Budista-Medicina-e-Yoga-tibetana-Workshop.webp 840w, https:\/\/www.foradacaixacoletivo.com.br\/openzine\/wp-content\/uploads\/2026\/02\/Filosofia-Budista-Medicina-e-Yoga-tibetana-Workshop-300x134.webp 300w, https:\/\/www.foradacaixacoletivo.com.br\/openzine\/wp-content\/uploads\/2026\/02\/Filosofia-Budista-Medicina-e-Yoga-tibetana-Workshop-768x343.webp 768w\" sizes=\"(max-width: 840px) 100vw, 840px\" data-has-transparency=\"false\" data-dominant-color=\"a18769\" \/><\/a>\n\n\n<div class=\"wp-block-group has-palette-color-8-background-color has-background wp-container-content-9cfa9a5a is-layout-constrained wp-block-group-is-layout-constrained\" style=\"min-height:100%\"><h2 style=\"font-size:clamp(14px, 0.875rem + ((1vw - 3.2px) * 0.313), 18px)\" class=\"ct-dynamic-data wp-elements-68\"><a href=\"https:\/\/www.foradacaixacoletivo.com.br\/openzine\/filosofia-budista-medicina-e-yoga-tibetana-workshop\/\">Filosofia Budista, Medicina e Yoga tibetana &#8211; Workshop<\/a><\/h2>\n\n<div class=\"wp-block-post-excerpt\"><p class=\"wp-block-post-excerpt__excerpt\">07\/ 02 \u2013 S\u00e1bado Cronograma9:00 \u00e0s 10:00 \u2013 Filosofia Budista e os Venenos Mentais10:15 \u2013&hellip; <\/p><\/div><\/div>\n<\/div>\n\n<\/article><\/div><div class=\"flexy-item\"><article class=\"wp-block-post is-layout-flow post-8636 post type-post status-publish format-standard has-post-thumbnail hentry category-cursos category-educacao-para-paz category-on-line\"><a href=\"https:\/\/www.foradacaixacoletivo.com.br\/openzine\/educacao-para-paz-na-pratica-curso-on-line\/\" class=\"ct-link-overlay\"><\/a>\n\n<div class=\"wp-block-group is-vertical is-content-justification-center is-nowrap is-layout-flex wp-container-core-group-is-layout-6b882056 wp-block-group-is-layout-flex\" style=\"min-height:100%;padding-right:0;padding-left:0\"><a style=\"margin-bottom:0\" class=\"ct-dynamic-media wp-elements-69\" aria-label=\"Educa\u00e7\u00e3o para Paz na Pr\u00e1tica &#8211; Curso On-line\" href=\"https:\/\/www.foradacaixacoletivo.com.br\/openzine\/educacao-para-paz-na-pratica-curso-on-line\/\"><img loading=\"lazy\" decoding=\"async\" width=\"1200\" height=\"628\" src=\"https:\/\/www.foradacaixacoletivo.com.br\/openzine\/wp-content\/uploads\/2025\/06\/Educacao-para-Paz-na-Pratica.webp\" class=\"attachment-full size-full not-transparent\" alt=\"\" style=\"--dominant-color: #a9d7d5;width:100%;height:100%;object-fit: cover;aspect-ratio: 16\/9;\" srcset=\"https:\/\/www.foradacaixacoletivo.com.br\/openzine\/wp-content\/uploads\/2025\/06\/Educacao-para-Paz-na-Pratica.webp 1200w, https:\/\/www.foradacaixacoletivo.com.br\/openzine\/wp-content\/uploads\/2025\/06\/Educacao-para-Paz-na-Pratica-300x157.webp 300w, https:\/\/www.foradacaixacoletivo.com.br\/openzine\/wp-content\/uploads\/2025\/06\/Educacao-para-Paz-na-Pratica-1024x536.webp 1024w, https:\/\/www.foradacaixacoletivo.com.br\/openzine\/wp-content\/uploads\/2025\/06\/Educacao-para-Paz-na-Pratica-768x402.webp 768w\" sizes=\"(max-width: 1200px) 100vw, 1200px\" data-has-transparency=\"false\" data-dominant-color=\"a9d7d5\" \/><\/a>\n\n\n<div class=\"wp-block-group has-palette-color-8-background-color has-background wp-container-content-9cfa9a5a is-layout-constrained wp-block-group-is-layout-constrained\" style=\"min-height:100%\"><h2 style=\"font-size:clamp(14px, 0.875rem + ((1vw - 3.2px) * 0.313), 18px)\" class=\"ct-dynamic-data wp-elements-70\"><a href=\"https:\/\/www.foradacaixacoletivo.com.br\/openzine\/educacao-para-paz-na-pratica-curso-on-line\/\">Educa\u00e7\u00e3o para Paz na Pr\u00e1tica &#8211; Curso On-line<\/a><\/h2>\n\n<div class=\"wp-block-post-excerpt\"><p class=\"wp-block-post-excerpt__excerpt\">In\u00edcio &#8211; Dia 12\/02 &#8211; Quinta &#8211; das 19:30 \u00e0s 21:00 8 encontros Este curso&hellip; <\/p><\/div><\/div>\n<\/div>\n\n<\/article><\/div><div class=\"flexy-item\"><article class=\"wp-block-post is-layout-flow post-8727 post type-post status-publish format-standard has-post-thumbnail hentry category-cursos category-educacao-para-paz category-on-line\"><a href=\"https:\/\/www.foradacaixacoletivo.com.br\/openzine\/peace-education-in-practice-online-course\/\" class=\"ct-link-overlay\"><\/a>\n\n<div class=\"wp-block-group is-vertical is-content-justification-center is-nowrap is-layout-flex wp-container-core-group-is-layout-6b882056 wp-block-group-is-layout-flex\" style=\"min-height:100%;padding-right:0;padding-left:0\"><a style=\"margin-bottom:0\" class=\"ct-dynamic-media wp-elements-72\" aria-label=\"Peace Education in Practice &#8211; On-line Course\" href=\"https:\/\/www.foradacaixacoletivo.com.br\/openzine\/peace-education-in-practice-online-course\/\"><img loading=\"lazy\" decoding=\"async\" width=\"1200\" height=\"628\" src=\"https:\/\/www.foradacaixacoletivo.com.br\/openzine\/wp-content\/uploads\/2025\/07\/Education-for-Peace-in-Practice-Online-Course.webp\" class=\"attachment-full size-full not-transparent\" alt=\"\" style=\"--dominant-color: #abdad7;width:100%;height:100%;object-fit: cover;aspect-ratio: 16\/9;\" srcset=\"https:\/\/www.foradacaixacoletivo.com.br\/openzine\/wp-content\/uploads\/2025\/07\/Education-for-Peace-in-Practice-Online-Course.webp 1200w, https:\/\/www.foradacaixacoletivo.com.br\/openzine\/wp-content\/uploads\/2025\/07\/Education-for-Peace-in-Practice-Online-Course-300x157.webp 300w, https:\/\/www.foradacaixacoletivo.com.br\/openzine\/wp-content\/uploads\/2025\/07\/Education-for-Peace-in-Practice-Online-Course-1024x536.webp 1024w, https:\/\/www.foradacaixacoletivo.com.br\/openzine\/wp-content\/uploads\/2025\/07\/Education-for-Peace-in-Practice-Online-Course-768x402.webp 768w\" sizes=\"(max-width: 1200px) 100vw, 1200px\" data-has-transparency=\"false\" data-dominant-color=\"abdad7\" \/><\/a>\n\n\n<div class=\"wp-block-group has-palette-color-8-background-color has-background wp-container-content-9cfa9a5a is-layout-constrained wp-block-group-is-layout-constrained\" style=\"min-height:100%\"><h2 style=\"font-size:clamp(14px, 0.875rem + ((1vw - 3.2px) * 0.313), 18px)\" class=\"ct-dynamic-data wp-elements-73\"><a href=\"https:\/\/www.foradacaixacoletivo.com.br\/openzine\/peace-education-in-practice-online-course\/\">Peace Education in Practice &#8211; On-line Course<\/a><\/h2>\n\n<div class=\"wp-block-post-excerpt\"><p class=\"wp-block-post-excerpt__excerpt\">Start on February 17th, Tuesday, from 7:30 PM to 9:00 PM8 classes This course is&hellip; <\/p><\/div><\/div>\n<\/div>\n\n<\/article><\/div><div class=\"flexy-item\"><article class=\"wp-block-post is-layout-flow post-6169 post type-post status-publish format-standard has-post-thumbnail hentry category-agenda category-cursos category-meditacao category-on-line\"><a href=\"https:\/\/www.foradacaixacoletivo.com.br\/openzine\/introducao-a-meditacao-encontros-semanais\/\" class=\"ct-link-overlay\"><\/a>\n\n<div class=\"wp-block-group is-vertical is-content-justification-center is-nowrap is-layout-flex wp-container-core-group-is-layout-6b882056 wp-block-group-is-layout-flex\" style=\"min-height:100%;padding-right:0;padding-left:0\"><a style=\"margin-bottom:0\" class=\"ct-dynamic-media wp-elements-75\" aria-label=\"Medita\u00e7\u00e3o &#8211; Curso de Introdu\u00e7\u00e3o &#8211; Presencial ou On-line\" href=\"https:\/\/www.foradacaixacoletivo.com.br\/openzine\/introducao-a-meditacao-encontros-semanais\/\"><img loading=\"lazy\" decoding=\"async\" width=\"515\" height=\"219\" src=\"https:\/\/www.foradacaixacoletivo.com.br\/openzine\/wp-content\/uploads\/2023\/07\/capa-introducao-a-meditacao-agosto-2023.png\" class=\"attachment-full size-full\" alt=\"\" style=\"width:100%;height:100%;object-fit: cover;aspect-ratio: 16\/9;\" srcset=\"https:\/\/www.foradacaixacoletivo.com.br\/openzine\/wp-content\/uploads\/2023\/07\/capa-introducao-a-meditacao-agosto-2023.png 515w, https:\/\/www.foradacaixacoletivo.com.br\/openzine\/wp-content\/uploads\/2023\/07\/capa-introducao-a-meditacao-agosto-2023-300x128.png 300w\" sizes=\"(max-width: 515px) 100vw, 515px\" \/><\/a>\n\n\n<div class=\"wp-block-group has-palette-color-8-background-color has-background wp-container-content-9cfa9a5a is-layout-constrained wp-block-group-is-layout-constrained\" style=\"min-height:100%\"><h2 style=\"font-size:clamp(14px, 0.875rem + ((1vw - 3.2px) * 0.313), 18px)\" class=\"ct-dynamic-data wp-elements-76\"><a href=\"https:\/\/www.foradacaixacoletivo.com.br\/openzine\/introducao-a-meditacao-encontros-semanais\/\">Medita\u00e7\u00e3o &#8211; Curso de Introdu\u00e7\u00e3o &#8211; Presencial ou On-line<\/a><\/h2>\n\n<div class=\"wp-block-post-excerpt\"><p class=\"wp-block-post-excerpt__excerpt\">Introdu\u00e7\u00e3o \u00e0s pr\u00e1ticas de contempla\u00e7\u00e3o e medita\u00e7\u00e3o budista. Abordaremos diferentes t\u00e9cnicas de medita\u00e7\u00e3o que podem&hellip; <\/p><\/div><\/div>\n<\/div>\n\n<\/article><\/div><\/div><\/div><span class=\"flexy-arrow-prev\" data-position=\"outside\"><svg width=\"16\" height=\"10\" fill=\"currentColor\" viewBox=\"0 0 16 10\"><path d=\"M15.3 4.3h-13l2.8-3c.3-.3.3-.7 0-1-.3-.3-.6-.3-.9 0l-4 4.2-.2.2v.6c0 .1.1.2.2.2l4 4.2c.3.4.6.4.9 0 .3-.3.3-.7 0-1l-2.8-3h13c.2 0 .4-.1.5-.2s.2-.3.2-.5-.1-.4-.2-.5c-.1-.1-.3-.2-.5-.2z\"><\/path><\/svg><\/span>\n\t\t\t\t\t\t\t\t<span class=\"flexy-arrow-next\" data-position=\"outside\"><svg width=\"16\" height=\"10\" fill=\"currentColor\" viewBox=\"0 0 16 10\"><path d=\"M.2 4.5c-.1.1-.2.3-.2.5s.1.4.2.5c.1.1.3.2.5.2h13l-2.8 3c-.3.3-.3.7 0 1 .3.3.6.3.9 0l4-4.2.2-.2V5v-.3c0-.1-.1-.2-.2-.2l-4-4.2c-.3-.4-.6-.4-.9 0-.3.3-.3.7 0 1l2.8 3H.7c-.2 0-.4.1-.5.2z\"><\/path><\/svg><\/span><\/div><\/div><\/div><style>[data-id='2433c91b'] {--grid-columns-width:33.33%;} [data-id='2433c91b'] [data-flexy*=\"no\"] .flexy-item:nth-child(n + 4) {height:1px;}@media (max-width: 999.98px) {[data-id='2433c91b'] {--grid-columns-width:50%;} [data-id='2433c91b'] [data-flexy*=\"no\"] .flexy-item:nth-child(n + 3) {height:1px;}}@media (max-width: 689.98px) {[data-id='2433c91b'] {--grid-columns-width:100%;} [data-id='2433c91b'] [data-flexy*=\"no\"] .flexy-item:nth-child(n + 2) {height:1px;}}<\/style><\/div>\n\n\n\n<div class=\"wp-block-buttons is-content-justification-left is-layout-flex wp-container-core-buttons-is-layout-9cf32bc4 wp-block-buttons-is-layout-flex\">\n<div class=\"wp-block-button is-style-fill\"><a class=\"wp-block-button__link wp-element-button\" href=\"https:\/\/www.foradacaixacoletivo.com.br\/openzine\/categoria\/cursos\/\"><strong>MAIS CURSOS<\/strong><\/a><\/div>\n<\/div>\n\n\n\n<div style=\"height:50px\" aria-hidden=\"true\" class=\"wp-block-spacer\"><\/div>\n\n\n\n<p class=\"has-palette-color-1-color has-palette-color-8-background-color has-text-color has-background has-link-color wp-elements-77 wp-block-paragraph\" style=\"margin-top:0;margin-bottom:0\"><strong>Sites Recomendados<\/strong><\/p>\n\n\n\n<figure class=\"wp-block-gallery aligncenter has-nested-images columns-5 animated backInUp has-white-background-color has-background wp-block-gallery-1 is-layout-flex wp-block-gallery-is-layout-flex\">\n<figure class=\"wp-block-image size-thumbnail\"><a href=\"https:\/\/educandarioeinstitutoandreluiz.org\/\" target=\"_blank\" rel=\" noreferrer noopener\"><img data-dominant-color=\"eff3f6\" data-has-transparency=\"false\" loading=\"lazy\" decoding=\"async\" width=\"150\" height=\"150\" data-id=\"9753\" src=\"https:\/\/www.foradacaixacoletivo.com.br\/openzine\/wp-content\/uploads\/2026\/02\/educandario-2-150x150.webp\" alt=\"\" class=\"wp-image-9753 not-transparent\" style=\"--dominant-color: #eff3f6; aspect-ratio:1\" srcset=\"https:\/\/www.foradacaixacoletivo.com.br\/openzine\/wp-content\/uploads\/2026\/02\/educandario-2-150x150.webp 150w, https:\/\/www.foradacaixacoletivo.com.br\/openzine\/wp-content\/uploads\/2026\/02\/educandario-2.webp 250w\" sizes=\"(max-width: 150px) 100vw, 150px\" \/><\/a><\/figure>\n\n\n\n<figure class=\"wp-block-image size-thumbnail\"><a href=\"https:\/\/rehumanisingeducation.org\/\" target=\"_blank\" rel=\" noreferrer noopener\"><img data-dominant-color=\"f5eaf0\" data-has-transparency=\"false\" loading=\"lazy\" decoding=\"async\" width=\"150\" height=\"150\" data-id=\"9754\" src=\"https:\/\/www.foradacaixacoletivo.com.br\/openzine\/wp-content\/uploads\/2026\/02\/global-forum-2026-1-150x150.webp\" alt=\"\" class=\"wp-image-9754 not-transparent\" style=\"--dominant-color: #f5eaf0; aspect-ratio:1\" srcset=\"https:\/\/www.foradacaixacoletivo.com.br\/openzine\/wp-content\/uploads\/2026\/02\/global-forum-2026-1-150x150.webp 150w, https:\/\/www.foradacaixacoletivo.com.br\/openzine\/wp-content\/uploads\/2026\/02\/global-forum-2026-1.webp 250w\" sizes=\"(max-width: 150px) 100vw, 150px\" \/><\/a><\/figure>\n\n\n\n<figure class=\"wp-block-image size-thumbnail\"><a href=\"https:\/\/www.peace-ed-campaign.org\/\" target=\"_blank\" rel=\" noreferrer noopener\"><img data-dominant-color=\"f7f3f1\" data-has-transparency=\"false\" loading=\"lazy\" decoding=\"async\" width=\"150\" height=\"150\" data-id=\"9755\" src=\"https:\/\/www.foradacaixacoletivo.com.br\/openzine\/wp-content\/uploads\/2026\/02\/global-2-150x150.webp\" alt=\"\" class=\"wp-image-9755 not-transparent\" style=\"--dominant-color: #f7f3f1; aspect-ratio:1\" srcset=\"https:\/\/www.foradacaixacoletivo.com.br\/openzine\/wp-content\/uploads\/2026\/02\/global-2-150x150.webp 150w, https:\/\/www.foradacaixacoletivo.com.br\/openzine\/wp-content\/uploads\/2026\/02\/global-2.webp 250w\" sizes=\"(max-width: 150px) 100vw, 150px\" \/><\/a><\/figure>\n\n\n\n<figure class=\"wp-block-image size-thumbnail\"><a href=\"https:\/\/www.i-i-p-e.org\/\" target=\"_blank\" rel=\" noreferrer noopener\"><img data-dominant-color=\"e1e3d9\" data-has-transparency=\"false\" loading=\"lazy\" decoding=\"async\" width=\"150\" height=\"150\" data-id=\"9756\" src=\"https:\/\/www.foradacaixacoletivo.com.br\/openzine\/wp-content\/uploads\/2026\/02\/iipe-2-150x150.webp\" alt=\"\" class=\"wp-image-9756 not-transparent\" style=\"--dominant-color: #e1e3d9; aspect-ratio:1\" srcset=\"https:\/\/www.foradacaixacoletivo.com.br\/openzine\/wp-content\/uploads\/2026\/02\/iipe-2-150x150.webp 150w, https:\/\/www.foradacaixacoletivo.com.br\/openzine\/wp-content\/uploads\/2026\/02\/iipe-2.webp 250w\" sizes=\"(max-width: 150px) 100vw, 150px\" \/><\/a><\/figure>\n\n\n\n<figure class=\"wp-block-image size-thumbnail\"><a href=\"https:\/\/humansofpeaceeducation.org\/\" target=\"_blank\" rel=\" noreferrer noopener\"><img data-dominant-color=\"1a6b8e\" data-has-transparency=\"true\" loading=\"lazy\" decoding=\"async\" width=\"150\" height=\"150\" data-id=\"10005\" src=\"https:\/\/www.foradacaixacoletivo.com.br\/openzine\/wp-content\/uploads\/2026\/08\/hop-pin-logo-150x150.webp\" alt=\"Humans Of Peace Education (HOPE) seeks to elevate the work of peace education to the general public by providing glimpses of the lives and work of peace educators from all around the world.  Profiles explore the motivations, challenges, successes, and insights of peace educators working in different contexts. Viewers can explore the interactive map to discover peace educators working near them and dive deeper by opening their profile to discover their motivations and how they work to create change.\" class=\"wp-image-10005 has-transparency\" style=\"--dominant-color: #1a6b8e; aspect-ratio:1\" srcset=\"https:\/\/www.foradacaixacoletivo.com.br\/openzine\/wp-content\/uploads\/2026\/08\/hop-pin-logo-150x150.webp 150w, https:\/\/www.foradacaixacoletivo.com.br\/openzine\/wp-content\/uploads\/2026\/08\/hop-pin-logo.webp 300w\" sizes=\"(max-width: 150px) 100vw, 150px\" \/><\/a><\/figure>\n<\/figure>\n\n\n\n<div style=\"height:50px\" aria-hidden=\"true\" class=\"wp-block-spacer\"><\/div>\n\n\n\n<h4 class=\"wp-block-heading has-palette-color-3-color has-text-color has-link-color wp-elements-78\">Mais Artigos<\/h4>\n\n\n\n<div data-id=\"7b782de7\" class=\"wp-block-blocksy-query\"><div class=\"ct-query-template-grid ct-has-link-overlay\"><article class=\"wp-block-post is-layout-flow post-9957 post type-post status-publish format-standard has-post-thumbnail hentry category-editorial\"><a href=\"https:\/\/www.foradacaixacoletivo.com.br\/openzine\/editorial-julho-2026\/\" class=\"ct-link-overlay\"><\/a>\n\n<div class=\"wp-block-group is-vertical is-content-justification-center is-nowrap is-layout-flex wp-container-core-group-is-layout-6b882056 wp-block-group-is-layout-flex\" style=\"min-height:100%;padding-right:0;padding-left:0\"><a style=\"margin-bottom:0\" class=\"ct-dynamic-media wp-elements-87\" aria-label=\"Editorial &#8211; Julho 2026\" href=\"https:\/\/www.foradacaixacoletivo.com.br\/openzine\/editorial-julho-2026\/\"><img loading=\"lazy\" decoding=\"async\" width=\"840\" height=\"375\" src=\"https:\/\/www.foradacaixacoletivo.com.br\/openzine\/wp-content\/uploads\/2026\/07\/editorial-junho-2026-1.webp\" class=\"attachment-full size-full not-transparent\" alt=\"\" style=\"--dominant-color: #f2e8e4;width:100%;height:100%;object-fit: cover;aspect-ratio: 16\/9;\" srcset=\"https:\/\/www.foradacaixacoletivo.com.br\/openzine\/wp-content\/uploads\/2026\/07\/editorial-junho-2026-1.webp 840w, https:\/\/www.foradacaixacoletivo.com.br\/openzine\/wp-content\/uploads\/2026\/07\/editorial-junho-2026-1-300x134.webp 300w, https:\/\/www.foradacaixacoletivo.com.br\/openzine\/wp-content\/uploads\/2026\/07\/editorial-junho-2026-1-768x343.webp 768w\" sizes=\"(max-width: 840px) 100vw, 840px\" data-has-transparency=\"false\" data-dominant-color=\"f2e8e4\" \/><\/a>\n\n\n<div class=\"wp-block-group has-palette-color-8-background-color has-background wp-container-content-9cfa9a5a is-layout-constrained wp-block-group-is-layout-constrained\" style=\"min-height:100%\"><h2 style=\"font-size:clamp(14px, 0.875rem + ((1vw - 3.2px) * 0.313), 18px)\" class=\"ct-dynamic-data wp-elements-88\"><a href=\"https:\/\/www.foradacaixacoletivo.com.br\/openzine\/editorial-julho-2026\/\">Editorial &#8211; Julho 2026<\/a><\/h2>\n\n<div class=\"wp-block-post-excerpt\"><p class=\"wp-block-post-excerpt__excerpt\">Sobre a generosidade e gratid\u00e3o Pela segunda vez desde o in\u00edcio do trabalho do coletivo&hellip; <\/p><\/div><\/div>\n<\/div>\n\n<\/article><article class=\"wp-block-post is-layout-flow post-9952 post type-post status-publish format-standard has-post-thumbnail hentry category-editorial\"><a href=\"https:\/\/www.foradacaixacoletivo.com.br\/openzine\/editorial-junho-2026\/\" class=\"ct-link-overlay\"><\/a>\n\n<div class=\"wp-block-group is-vertical is-content-justification-center is-nowrap is-layout-flex wp-container-core-group-is-layout-6b882056 wp-block-group-is-layout-flex\" style=\"min-height:100%;padding-right:0;padding-left:0\"><a style=\"margin-bottom:0\" class=\"ct-dynamic-media wp-elements-89\" aria-label=\"Editorial &#8211; Junho 2026\" href=\"https:\/\/www.foradacaixacoletivo.com.br\/openzine\/editorial-junho-2026\/\"><img loading=\"lazy\" decoding=\"async\" width=\"840\" height=\"375\" src=\"https:\/\/www.foradacaixacoletivo.com.br\/openzine\/wp-content\/uploads\/2026\/05\/editorial-junho-2026.webp\" class=\"attachment-full size-full not-transparent\" alt=\"\" style=\"--dominant-color: #9f9493;width:100%;height:100%;object-fit: cover;aspect-ratio: 16\/9;\" srcset=\"https:\/\/www.foradacaixacoletivo.com.br\/openzine\/wp-content\/uploads\/2026\/05\/editorial-junho-2026.webp 840w, https:\/\/www.foradacaixacoletivo.com.br\/openzine\/wp-content\/uploads\/2026\/05\/editorial-junho-2026-300x134.webp 300w, https:\/\/www.foradacaixacoletivo.com.br\/openzine\/wp-content\/uploads\/2026\/05\/editorial-junho-2026-768x343.webp 768w\" sizes=\"(max-width: 840px) 100vw, 840px\" data-has-transparency=\"false\" data-dominant-color=\"9f9493\" \/><\/a>\n\n\n<div class=\"wp-block-group has-palette-color-8-background-color has-background wp-container-content-9cfa9a5a is-layout-constrained wp-block-group-is-layout-constrained\" style=\"min-height:100%\"><h2 style=\"font-size:clamp(14px, 0.875rem + ((1vw - 3.2px) * 0.313), 18px)\" class=\"ct-dynamic-data wp-elements-90\"><a href=\"https:\/\/www.foradacaixacoletivo.com.br\/openzine\/editorial-junho-2026\/\">Editorial &#8211; Junho 2026<\/a><\/h2>\n\n<div class=\"wp-block-post-excerpt\"><p class=\"wp-block-post-excerpt__excerpt\">Sauda\u00e7\u00f5es! Quantas coisas boas est\u00e3o acontecendo por aqui! Vamos contar tudinho pra voc\u00eas! Nosso projeto&hellip; <\/p><\/div><\/div>\n<\/div>\n\n<\/article><article class=\"wp-block-post is-layout-flow post-9909 post type-post status-publish format-standard has-post-thumbnail hentry category-arquivo\"><a href=\"https:\/\/www.foradacaixacoletivo.com.br\/openzine\/9909-2\/\" class=\"ct-link-overlay\"><\/a>\n\n<div class=\"wp-block-group is-vertical is-content-justification-center is-nowrap is-layout-flex wp-container-core-group-is-layout-6b882056 wp-block-group-is-layout-flex\" style=\"min-height:100%;padding-right:0;padding-left:0\"><a style=\"margin-bottom:0\" class=\"ct-dynamic-media wp-elements-91\" aria-label=\"Webinar &#8220;Igualdade e Justi\u00e7a Social na Educa\u00e7\u00e3o&#8221;\" href=\"https:\/\/www.foradacaixacoletivo.com.br\/openzine\/9909-2\/\"><img loading=\"lazy\" decoding=\"async\" width=\"840\" height=\"375\" src=\"https:\/\/www.foradacaixacoletivo.com.br\/openzine\/wp-content\/uploads\/2026\/05\/Equality-and-Social-Justice-Education-1.webp\" class=\"attachment-full size-full not-transparent\" alt=\"\" style=\"--dominant-color: #8cd6e8;width:100%;height:100%;object-fit: cover;aspect-ratio: 16\/9;\" srcset=\"https:\/\/www.foradacaixacoletivo.com.br\/openzine\/wp-content\/uploads\/2026\/05\/Equality-and-Social-Justice-Education-1.webp 840w, https:\/\/www.foradacaixacoletivo.com.br\/openzine\/wp-content\/uploads\/2026\/05\/Equality-and-Social-Justice-Education-1-300x134.webp 300w, https:\/\/www.foradacaixacoletivo.com.br\/openzine\/wp-content\/uploads\/2026\/05\/Equality-and-Social-Justice-Education-1-768x343.webp 768w\" sizes=\"(max-width: 840px) 100vw, 840px\" data-has-transparency=\"false\" data-dominant-color=\"8cd6e8\" \/><\/a>\n\n\n<div class=\"wp-block-group has-palette-color-8-background-color has-background wp-container-content-9cfa9a5a is-layout-constrained wp-block-group-is-layout-constrained\" style=\"min-height:100%\"><h2 style=\"font-size:clamp(14px, 0.875rem + ((1vw - 3.2px) * 0.313), 18px)\" class=\"ct-dynamic-data wp-elements-92\"><a href=\"https:\/\/www.foradacaixacoletivo.com.br\/openzine\/9909-2\/\">Webinar &#8220;Igualdade e Justi\u00e7a Social na Educa\u00e7\u00e3o&#8221;<\/a><\/h2>\n\n<div class=\"wp-block-post-excerpt\"><p class=\"wp-block-post-excerpt__excerpt\">Estamos felizes em compartilhar o pr\u00f3ximo encontro on line organizado pelo Global Forum Re-humanazing Education&hellip; <\/p><\/div><\/div>\n<\/div>\n\n<\/article><article class=\"wp-block-post is-layout-flow post-9893 post type-post status-publish format-standard has-post-thumbnail hentry category-arquivo\"><a href=\"https:\/\/www.foradacaixacoletivo.com.br\/openzine\/we-need-your-help\/\" class=\"ct-link-overlay\"><\/a>\n\n<div class=\"wp-block-group is-vertical is-content-justification-center is-nowrap is-layout-flex wp-container-core-group-is-layout-6b882056 wp-block-group-is-layout-flex\" style=\"min-height:100%;padding-right:0;padding-left:0\"><a style=\"margin-bottom:0\" class=\"ct-dynamic-media wp-elements-94\" aria-label=\"We need your help!\" href=\"https:\/\/www.foradacaixacoletivo.com.br\/openzine\/we-need-your-help\/\"><img loading=\"lazy\" decoding=\"async\" width=\"840\" height=\"375\" src=\"https:\/\/www.foradacaixacoletivo.com.br\/openzine\/wp-content\/uploads\/2026\/05\/we-need-your-help-granada-2026-1.webp\" class=\"attachment-full size-full not-transparent\" alt=\"\" style=\"--dominant-color: #81bac0;width:100%;height:100%;object-fit: cover;aspect-ratio: 16\/9;\" srcset=\"https:\/\/www.foradacaixacoletivo.com.br\/openzine\/wp-content\/uploads\/2026\/05\/we-need-your-help-granada-2026-1.webp 840w, https:\/\/www.foradacaixacoletivo.com.br\/openzine\/wp-content\/uploads\/2026\/05\/we-need-your-help-granada-2026-1-300x134.webp 300w, https:\/\/www.foradacaixacoletivo.com.br\/openzine\/wp-content\/uploads\/2026\/05\/we-need-your-help-granada-2026-1-768x343.webp 768w\" sizes=\"(max-width: 840px) 100vw, 840px\" data-has-transparency=\"false\" data-dominant-color=\"81bac0\" \/><\/a>\n\n\n<div class=\"wp-block-group has-palette-color-8-background-color has-background wp-container-content-9cfa9a5a is-layout-constrained wp-block-group-is-layout-constrained\" style=\"min-height:100%\"><h2 style=\"font-size:clamp(14px, 0.875rem + ((1vw - 3.2px) * 0.313), 18px)\" class=\"ct-dynamic-data wp-elements-95\"><a href=\"https:\/\/www.foradacaixacoletivo.com.br\/openzine\/we-need-your-help\/\">We need your help!<\/a><\/h2>\n\n<div class=\"wp-block-post-excerpt\"><p class=\"wp-block-post-excerpt__excerpt\">We need your help! Our project of Peace Education will be presented at the University&hellip; <\/p><\/div><\/div>\n<\/div>\n\n<\/article><article class=\"wp-block-post is-layout-flow post-9881 post type-post status-publish format-standard has-post-thumbnail hentry category-arquivo\"><a href=\"https:\/\/www.foradacaixacoletivo.com.br\/openzine\/precisamos-de-sua-ajuda\/\" class=\"ct-link-overlay\"><\/a>\n\n<div class=\"wp-block-group is-vertical is-content-justification-center is-nowrap is-layout-flex wp-container-core-group-is-layout-6b882056 wp-block-group-is-layout-flex\" style=\"min-height:100%;padding-right:0;padding-left:0\"><a style=\"margin-bottom:0\" class=\"ct-dynamic-media wp-elements-96\" aria-label=\"Precisamos de sua ajuda!\" href=\"https:\/\/www.foradacaixacoletivo.com.br\/openzine\/precisamos-de-sua-ajuda\/\"><img loading=\"lazy\" decoding=\"async\" width=\"840\" height=\"375\" src=\"https:\/\/www.foradacaixacoletivo.com.br\/openzine\/wp-content\/uploads\/2026\/05\/precisamos-da-sua-ajuda-granada-2026.webp\" class=\"attachment-full size-full not-transparent\" alt=\"\" style=\"--dominant-color: #81b9bf;width:100%;height:100%;object-fit: cover;aspect-ratio: 16\/9;\" srcset=\"https:\/\/www.foradacaixacoletivo.com.br\/openzine\/wp-content\/uploads\/2026\/05\/precisamos-da-sua-ajuda-granada-2026.webp 840w, https:\/\/www.foradacaixacoletivo.com.br\/openzine\/wp-content\/uploads\/2026\/05\/precisamos-da-sua-ajuda-granada-2026-300x134.webp 300w, https:\/\/www.foradacaixacoletivo.com.br\/openzine\/wp-content\/uploads\/2026\/05\/precisamos-da-sua-ajuda-granada-2026-768x343.webp 768w\" sizes=\"(max-width: 840px) 100vw, 840px\" data-has-transparency=\"false\" data-dominant-color=\"81b9bf\" \/><\/a>\n\n\n<div class=\"wp-block-group has-palette-color-8-background-color has-background wp-container-content-9cfa9a5a is-layout-constrained wp-block-group-is-layout-constrained\" style=\"min-height:100%\"><h2 style=\"font-size:clamp(14px, 0.875rem + ((1vw - 3.2px) * 0.313), 18px)\" class=\"ct-dynamic-data wp-elements-97\"><a href=\"https:\/\/www.foradacaixacoletivo.com.br\/openzine\/precisamos-de-sua-ajuda\/\">Precisamos de sua ajuda!<\/a><\/h2>\n\n<div class=\"wp-block-post-excerpt\"><p class=\"wp-block-post-excerpt__excerpt\">Precisamos de sua ajuda! Nosso projeto de Educa\u00e7\u00e3o para a Paz vai ser apresentado na&hellip; <\/p><\/div><\/div>\n<\/div>\n\n<\/article><article class=\"wp-block-post is-layout-flow post-9878 post type-post status-publish format-standard has-post-thumbnail hentry category-editorial\"><a href=\"https:\/\/www.foradacaixacoletivo.com.br\/openzine\/editorial-maio-2026\/\" class=\"ct-link-overlay\"><\/a>\n\n<div class=\"wp-block-group is-vertical is-content-justification-center is-nowrap is-layout-flex wp-container-core-group-is-layout-6b882056 wp-block-group-is-layout-flex\" style=\"min-height:100%;padding-right:0;padding-left:0\"><a style=\"margin-bottom:0\" class=\"ct-dynamic-media wp-elements-98\" aria-label=\"Editorial &#8211; Maio 2026\" href=\"https:\/\/www.foradacaixacoletivo.com.br\/openzine\/editorial-maio-2026\/\"><img loading=\"lazy\" decoding=\"async\" width=\"840\" height=\"375\" src=\"https:\/\/www.foradacaixacoletivo.com.br\/openzine\/wp-content\/uploads\/2026\/05\/editorial-maio-2026.webp\" class=\"attachment-full size-full not-transparent\" alt=\"\" style=\"--dominant-color: #f6dbe5;width:100%;height:100%;object-fit: cover;aspect-ratio: 16\/9;\" srcset=\"https:\/\/www.foradacaixacoletivo.com.br\/openzine\/wp-content\/uploads\/2026\/05\/editorial-maio-2026.webp 840w, https:\/\/www.foradacaixacoletivo.com.br\/openzine\/wp-content\/uploads\/2026\/05\/editorial-maio-2026-300x134.webp 300w, https:\/\/www.foradacaixacoletivo.com.br\/openzine\/wp-content\/uploads\/2026\/05\/editorial-maio-2026-768x343.webp 768w\" sizes=\"(max-width: 840px) 100vw, 840px\" data-has-transparency=\"false\" data-dominant-color=\"f6dbe5\" \/><\/a>\n\n\n<div class=\"wp-block-group has-palette-color-8-background-color has-background wp-container-content-9cfa9a5a is-layout-constrained wp-block-group-is-layout-constrained\" style=\"min-height:100%\"><h2 style=\"font-size:clamp(14px, 0.875rem + ((1vw - 3.2px) * 0.313), 18px)\" class=\"ct-dynamic-data wp-elements-99\"><a href=\"https:\/\/www.foradacaixacoletivo.com.br\/openzine\/editorial-maio-2026\/\">Editorial &#8211; Maio 2026<\/a><\/h2>\n\n<div class=\"wp-block-post-excerpt\"><p class=\"wp-block-post-excerpt__excerpt\">Caros amigos, Estamos nos preparando para participar, em julho, do encontro de educadores para a&hellip; <\/p><\/div><\/div>\n<\/div>\n\n<\/article><article class=\"wp-block-post is-layout-flow post-9824 post type-post status-publish format-standard has-post-thumbnail hentry category-editorial\"><a href=\"https:\/\/www.foradacaixacoletivo.com.br\/openzine\/editorial-abril-2026\/\" class=\"ct-link-overlay\"><\/a>\n\n<div class=\"wp-block-group is-vertical is-content-justification-center is-nowrap is-layout-flex wp-container-core-group-is-layout-6b882056 wp-block-group-is-layout-flex\" style=\"min-height:100%;padding-right:0;padding-left:0\"><a style=\"margin-bottom:0\" class=\"ct-dynamic-media wp-elements-100\" aria-label=\"Editorial &#8211; Abril 2026\" href=\"https:\/\/www.foradacaixacoletivo.com.br\/openzine\/editorial-abril-2026\/\"><img loading=\"lazy\" decoding=\"async\" width=\"840\" height=\"375\" src=\"https:\/\/www.foradacaixacoletivo.com.br\/openzine\/wp-content\/uploads\/2026\/04\/editorial-abril-2026.webp\" class=\"attachment-full size-full not-transparent\" alt=\"\" style=\"--dominant-color: #ddc8be;width:100%;height:100%;object-fit: cover;aspect-ratio: 16\/9;\" srcset=\"https:\/\/www.foradacaixacoletivo.com.br\/openzine\/wp-content\/uploads\/2026\/04\/editorial-abril-2026.webp 840w, https:\/\/www.foradacaixacoletivo.com.br\/openzine\/wp-content\/uploads\/2026\/04\/editorial-abril-2026-300x134.webp 300w, https:\/\/www.foradacaixacoletivo.com.br\/openzine\/wp-content\/uploads\/2026\/04\/editorial-abril-2026-768x343.webp 768w\" sizes=\"(max-width: 840px) 100vw, 840px\" data-has-transparency=\"false\" data-dominant-color=\"ddc8be\" \/><\/a>\n\n\n<div class=\"wp-block-group has-palette-color-8-background-color has-background wp-container-content-9cfa9a5a is-layout-constrained wp-block-group-is-layout-constrained\" style=\"min-height:100%\"><h2 style=\"font-size:clamp(14px, 0.875rem + ((1vw - 3.2px) * 0.313), 18px)\" class=\"ct-dynamic-data wp-elements-101\"><a href=\"https:\/\/www.foradacaixacoletivo.com.br\/openzine\/editorial-abril-2026\/\">Editorial &#8211; Abril 2026<\/a><\/h2>\n\n<div class=\"wp-block-post-excerpt\"><p class=\"wp-block-post-excerpt__excerpt\">Caros amigos, Temos \u00f3timas not\u00edcias para compartilhar com voc\u00eas! Nosso projeto de Educa\u00e7\u00e3o para Paz&hellip; <\/p><\/div><\/div>\n<\/div>\n\n<\/article><article class=\"wp-block-post is-layout-flow post-9685 post type-post status-publish format-standard has-post-thumbnail hentry category-eventos category-webinar\"><a href=\"https:\/\/www.foradacaixacoletivo.com.br\/openzine\/webinar-humanizing-ai-new-challenges-in-education\/\" class=\"ct-link-overlay\"><\/a>\n\n<div class=\"wp-block-group is-vertical is-content-justification-center is-nowrap is-layout-flex wp-container-core-group-is-layout-6b882056 wp-block-group-is-layout-flex\" style=\"min-height:100%;padding-right:0;padding-left:0\"><a style=\"margin-bottom:0\" class=\"ct-dynamic-media wp-elements-102\" aria-label=\"Webinar: Humanizing AI: New Challenges in Education\" href=\"https:\/\/www.foradacaixacoletivo.com.br\/openzine\/webinar-humanizing-ai-new-challenges-in-education\/\"><img loading=\"lazy\" decoding=\"async\" width=\"840\" height=\"375\" src=\"https:\/\/www.foradacaixacoletivo.com.br\/openzine\/wp-content\/uploads\/2026\/02\/capa-webinar-03-03-2026.webp\" class=\"attachment-full size-full not-transparent\" alt=\"\" style=\"--dominant-color: #d0b0ac;width:100%;height:100%;object-fit: cover;aspect-ratio: 16\/9;\" srcset=\"https:\/\/www.foradacaixacoletivo.com.br\/openzine\/wp-content\/uploads\/2026\/02\/capa-webinar-03-03-2026.webp 840w, https:\/\/www.foradacaixacoletivo.com.br\/openzine\/wp-content\/uploads\/2026\/02\/capa-webinar-03-03-2026-300x134.webp 300w, https:\/\/www.foradacaixacoletivo.com.br\/openzine\/wp-content\/uploads\/2026\/02\/capa-webinar-03-03-2026-768x343.webp 768w\" sizes=\"(max-width: 840px) 100vw, 840px\" data-has-transparency=\"false\" data-dominant-color=\"d0b0ac\" \/><\/a>\n\n\n<div class=\"wp-block-group has-palette-color-8-background-color has-background wp-container-content-9cfa9a5a is-layout-constrained wp-block-group-is-layout-constrained\" style=\"min-height:100%\"><h2 style=\"font-size:clamp(14px, 0.875rem + ((1vw - 3.2px) * 0.313), 18px)\" class=\"ct-dynamic-data wp-elements-103\"><a href=\"https:\/\/www.foradacaixacoletivo.com.br\/openzine\/webinar-humanizing-ai-new-challenges-in-education\/\">Webinar: Humanizing AI: New Challenges in Education<\/a><\/h2>\n\n<div class=\"wp-block-post-excerpt\"><p class=\"wp-block-post-excerpt__excerpt\">Dia 03 de Mar\u00e7o \u00e0s 11h ATUALIZA\u00c7\u00c3O: Assista o webinar gravado no link abaixo: https:\/\/tinyurl.com\/m5s226ty&hellip; <\/p><\/div><\/div>\n<\/div>\n\n<\/article><article class=\"wp-block-post is-layout-flow post-9614 post type-post status-publish format-standard has-post-thumbnail hentry category-medicina-tibetana category-podcasts\"><a href=\"https:\/\/www.foradacaixacoletivo.com.br\/openzine\/as-tres-energias-da-saude-de-acordo-com-a-medicina-tibetana\/\" class=\"ct-link-overlay\"><\/a>\n\n<div class=\"wp-block-group is-vertical is-content-justification-center is-nowrap is-layout-flex wp-container-core-group-is-layout-6b882056 wp-block-group-is-layout-flex\" style=\"min-height:100%;padding-right:0;padding-left:0\"><a style=\"margin-bottom:0\" class=\"ct-dynamic-media wp-elements-104\" aria-label=\"As tr\u00eas energias da sa\u00fade de acordo com a Medicina Tibetana\" href=\"https:\/\/www.foradacaixacoletivo.com.br\/openzine\/as-tres-energias-da-saude-de-acordo-com-a-medicina-tibetana\/\"><img loading=\"lazy\" decoding=\"async\" width=\"1920\" height=\"1080\" src=\"https:\/\/www.foradacaixacoletivo.com.br\/openzine\/wp-content\/uploads\/2026\/02\/011-capa-post.webp\" class=\"attachment-full size-full not-transparent\" alt=\"\" style=\"--dominant-color: #907d77;width:100%;height:100%;object-fit: cover;aspect-ratio: 16\/9;\" srcset=\"https:\/\/www.foradacaixacoletivo.com.br\/openzine\/wp-content\/uploads\/2026\/02\/011-capa-post.webp 1920w, https:\/\/www.foradacaixacoletivo.com.br\/openzine\/wp-content\/uploads\/2026\/02\/011-capa-post-300x169.webp 300w, https:\/\/www.foradacaixacoletivo.com.br\/openzine\/wp-content\/uploads\/2026\/02\/011-capa-post-1024x576.webp 1024w, https:\/\/www.foradacaixacoletivo.com.br\/openzine\/wp-content\/uploads\/2026\/02\/011-capa-post-768x432.webp 768w, https:\/\/www.foradacaixacoletivo.com.br\/openzine\/wp-content\/uploads\/2026\/02\/011-capa-post-1536x864.webp 1536w\" sizes=\"(max-width: 1920px) 100vw, 1920px\" data-has-transparency=\"false\" data-dominant-color=\"907d77\" \/><\/a>\n\n\n<div class=\"wp-block-group has-palette-color-8-background-color has-background wp-container-content-9cfa9a5a is-layout-constrained wp-block-group-is-layout-constrained\" style=\"min-height:100%\"><h2 style=\"font-size:clamp(14px, 0.875rem + ((1vw - 3.2px) * 0.313), 18px)\" class=\"ct-dynamic-data wp-elements-105\"><a href=\"https:\/\/www.foradacaixacoletivo.com.br\/openzine\/as-tres-energias-da-saude-de-acordo-com-a-medicina-tibetana\/\">As tr\u00eas energias da sa\u00fade de acordo com a Medicina Tibetana<\/a><\/h2>\n\n<div class=\"wp-block-post-excerpt\"><p class=\"wp-block-post-excerpt__excerpt\">Essas energias est\u00e3o representadas pelos 3 animais que est\u00e3o no centro da mandala da Roda&hellip; <\/p><\/div><\/div>\n<\/div>\n\n<\/article><\/div><style>[data-id='7b782de7'] {--grid-columns-width:3;}@media (max-width: 999.98px) {[data-id='7b782de7'] {--grid-columns-width:2;}}@media (max-width: 689.98px) {[data-id='7b782de7'] {--grid-columns-width:1;}}<\/style><\/div>\n\n\n\n<div class=\"wp-block-buttons is-layout-flex wp-block-buttons-is-layout-flex\">\n<div class=\"wp-block-button\"><a class=\"wp-block-button__link wp-element-button\" href=\"https:\/\/www.foradacaixacoletivo.com.br\/openzine\/todos-os-posts\/\" style=\"padding-top:0;padding-bottom:0\"><strong>TODOS OS ARTIGOS<\/strong><\/a><\/div>\n<\/div>\n\n\n\n<p class=\"wp-block-paragraph\"><\/p>\n","protected":false},"excerpt":{"rendered":"<p>Agenda Voc\u00ea pode ajudar os Programas de Cultura de Paz com uma doa\u00e7\u00e3o de qualquer valor para o PIX: 42468422000136 Destaques Cursos Sites Recomendados Mais Artigos<\/p>\n","protected":false},"author":1,"featured_media":0,"parent":0,"menu_order":0,"comment_status":"closed","ping_status":"closed","template":"","meta":{"ngg_post_thumbnail":0,"_themeisle_gutenberg_block_has_review":false,"footnotes":""},"class_list":["post-9209","page","type-page","status-publish","hentry"],"blocksy_meta":{"styles_descriptor":{"styles":{"desktop":"","tablet":"","mobile":""},"google_fonts":[],"version":7}},"_links":{"self":[{"href":"https:\/\/www.foradacaixacoletivo.com.br\/openzine\/wp-json\/wp\/v2\/pages\/9209","targetHints":{"allow":["GET"]}}],"collection":[{"href":"https:\/\/www.foradacaixacoletivo.com.br\/openzine\/wp-json\/wp\/v2\/pages"}],"about":[{"href":"https:\/\/www.foradacaixacoletivo.com.br\/openzine\/wp-json\/wp\/v2\/types\/page"}],"author":[{"embeddable":true,"href":"https:\/\/www.foradacaixacoletivo.com.br\/openzine\/wp-json\/wp\/v2\/users\/1"}],"replies":[{"embeddable":true,"href":"https:\/\/www.foradacaixacoletivo.com.br\/openzine\/wp-json\/wp\/v2\/comments?post=9209"}],"version-history":[{"count":239,"href":"https:\/\/www.foradacaixacoletivo.com.br\/openzine\/wp-json\/wp\/v2\/pages\/9209\/revisions"}],"predecessor-version":[{"id":10400,"href":"https:\/\/www.foradacaixacoletivo.com.br\/openzine\/wp-json\/wp\/v2\/pages\/9209\/revisions\/10400"}],"wp:attachment":[{"href":"https:\/\/www.foradacaixacoletivo.com.br\/openzine\/wp-json\/wp\/v2\/media?parent=9209"}],"curies":[{"name":"wp","href":"https:\/\/api.w.org\/{rel}","templated":true}]}}